{"id":54,"date":"2015-12-15T21:53:15","date_gmt":"2015-12-15T20:53:15","guid":{"rendered":"http:\/\/web435.webbox333.server-home.org\/dferaenbtw\/?page_id=54"},"modified":"2026-03-20T00:33:52","modified_gmt":"2026-03-19T23:33:52","slug":"kunst","status":"publish","type":"page","link":"https:\/\/kunstgarten.at\/en\/sammlung\/kunst\/","title":{"rendered":"Kunst"},"content":{"rendered":"<p><\/p>\n<div class=\"mceTemp\"><\/div>\n<div class=\"mceTemp\"><\/div>\n<div class=\"information\">\n<p><strong>INFORMATION<\/strong><\/p>\n<ul>\n<li>Aus organisatorischen Gr\u00fcnden bitten wir um Anmeldung bis sp\u00e4testens 2 Stunden vor Programmbeginn &#8211; bei einer Matin\u00e8e bitte bis zum Vorabend &#8211; unter kunstgarten@mur.at oder +43 316 262787<\/li>\n<\/ul>\n<\/div>\n<h1>Kunst<\/h1>\n<div id=\"attachment_7812\" style=\"width: 657px\" class=\"wp-caption alignleft\"><img loading=\"lazy\" decoding=\"async\" aria-describedby=\"caption-attachment-7812\" class=\"size-full wp-image-7812\" src=\"https:\/\/kunstgarten.at\/wp-content\/uploads\/2024\/09\/IMG_0747.jpeg\" alt=\"\" width=\"647\" height=\"1280\" srcset=\"https:\/\/kunstgarten.at\/wp-content\/uploads\/2024\/09\/IMG_0747.jpeg 647w, https:\/\/kunstgarten.at\/wp-content\/uploads\/2024\/09\/IMG_0747-253x500.jpeg 253w, https:\/\/kunstgarten.at\/wp-content\/uploads\/2024\/09\/IMG_0747-518x1024.jpeg 518w, https:\/\/kunstgarten.at\/wp-content\/uploads\/2024\/09\/IMG_0747-94x185.jpeg 94w\" sizes=\"auto, (max-width: 647px) 100vw, 647px\" \/><p id=\"caption-attachment-7812\" class=\"wp-caption-text\">Ada Kobusiewicz, R\u00fcckblick, 2024, Stahlrohr mit R\u00fcckspiegeln, 510 cm \u00d7 variabel 6 bis 20 cm Durchmesser<\/p><\/div>\n<div id=\"attachment_4989\" style=\"width: 2570px\" class=\"wp-caption alignleft\"><img loading=\"lazy\" decoding=\"async\" aria-describedby=\"caption-attachment-4989\" class=\"size-full wp-image-4989\" src=\"https:\/\/kunstgarten.at\/wp-content\/uploads\/2016\/01\/FLORA-Bitterlich-Stele-R.Horn_-scaled.jpg\" alt=\"\" width=\"2560\" height=\"1920\" srcset=\"https:\/\/kunstgarten.at\/wp-content\/uploads\/2016\/01\/FLORA-Bitterlich-Stele-R.Horn_-scaled.jpg 2560w, https:\/\/kunstgarten.at\/wp-content\/uploads\/2016\/01\/FLORA-Bitterlich-Stele-R.Horn_-400x300.jpg 400w, https:\/\/kunstgarten.at\/wp-content\/uploads\/2016\/01\/FLORA-Bitterlich-Stele-R.Horn_-1024x768.jpg 1024w, https:\/\/kunstgarten.at\/wp-content\/uploads\/2016\/01\/FLORA-Bitterlich-Stele-R.Horn_-225x170.jpg 225w, https:\/\/kunstgarten.at\/wp-content\/uploads\/2016\/01\/FLORA-Bitterlich-Stele-R.Horn_-768x576.jpg 768w, https:\/\/kunstgarten.at\/wp-content\/uploads\/2016\/01\/FLORA-Bitterlich-Stele-R.Horn_-1536x1152.jpg 1536w, https:\/\/kunstgarten.at\/wp-content\/uploads\/2016\/01\/FLORA-Bitterlich-Stele-R.Horn_-2048x1536.jpg 2048w, https:\/\/kunstgarten.at\/wp-content\/uploads\/2016\/01\/FLORA-Bitterlich-Stele-R.Horn_-185x139.jpg 185w\" sizes=\"auto, (max-width: 2560px) 100vw, 2560px\" \/><p id=\"caption-attachment-4989\" class=\"wp-caption-text\">Reinfrid Horn STELE f\u00fcr Flora (Bitterlich)<\/p><\/div>\n<div id=\"attachment_491\" style=\"width: 1040px\" class=\"wp-caption alignnone\"><img loading=\"lazy\" decoding=\"async\" aria-describedby=\"caption-attachment-491\" class=\"wp-image-491 size-full\" src=\"https:\/\/kunstgarten.at\/wp-content\/uploads\/2016\/01\/SPITZWELT-20100421_1776-e1457742823370.jpg\" alt=\"SPITZWELT 20100421_1776\" width=\"1030\" height=\"878\" srcset=\"https:\/\/kunstgarten.at\/wp-content\/uploads\/2016\/01\/SPITZWELT-20100421_1776-e1457742823370.jpg 1030w, https:\/\/kunstgarten.at\/wp-content\/uploads\/2016\/01\/SPITZWELT-20100421_1776-e1457742823370-400x341.jpg 400w, https:\/\/kunstgarten.at\/wp-content\/uploads\/2016\/01\/SPITZWELT-20100421_1776-e1457742823370-1024x873.jpg 1024w, https:\/\/kunstgarten.at\/wp-content\/uploads\/2016\/01\/SPITZWELT-20100421_1776-e1457742823370-185x158.jpg 185w\" sizes=\"auto, (max-width: 1030px) 100vw, 1030px\" \/><p id=\"caption-attachment-491\" class=\"wp-caption-text\">Gunter Damisch SPTZWELT und Tulpen, April<\/p><\/div>\n<div id=\"attachment_4989\" style=\"width: 2570px\" class=\"wp-caption alignleft\"><img loading=\"lazy\" decoding=\"async\" aria-describedby=\"caption-attachment-4989\" class=\"size-full wp-image-4989\" src=\"https:\/\/kunstgarten.at\/wp-content\/uploads\/2016\/01\/FLORA-Bitterlich-Stele-R.Horn_-scaled.jpg\" alt=\"\" width=\"2560\" height=\"1920\" srcset=\"https:\/\/kunstgarten.at\/wp-content\/uploads\/2016\/01\/FLORA-Bitterlich-Stele-R.Horn_-scaled.jpg 2560w, https:\/\/kunstgarten.at\/wp-content\/uploads\/2016\/01\/FLORA-Bitterlich-Stele-R.Horn_-400x300.jpg 400w, https:\/\/kunstgarten.at\/wp-content\/uploads\/2016\/01\/FLORA-Bitterlich-Stele-R.Horn_-1024x768.jpg 1024w, https:\/\/kunstgarten.at\/wp-content\/uploads\/2016\/01\/FLORA-Bitterlich-Stele-R.Horn_-225x170.jpg 225w, https:\/\/kunstgarten.at\/wp-content\/uploads\/2016\/01\/FLORA-Bitterlich-Stele-R.Horn_-768x576.jpg 768w, https:\/\/kunstgarten.at\/wp-content\/uploads\/2016\/01\/FLORA-Bitterlich-Stele-R.Horn_-1536x1152.jpg 1536w, https:\/\/kunstgarten.at\/wp-content\/uploads\/2016\/01\/FLORA-Bitterlich-Stele-R.Horn_-2048x1536.jpg 2048w, https:\/\/kunstgarten.at\/wp-content\/uploads\/2016\/01\/FLORA-Bitterlich-Stele-R.Horn_-185x139.jpg 185w\" sizes=\"auto, (max-width: 2560px) 100vw, 2560px\" \/><p id=\"caption-attachment-4989\" class=\"wp-caption-text\">Reinfrid Horn STELE f\u00fcr Flora (Bitterlich)<\/p><\/div>\n<p><a href=\"http:\/\/www.gunter-damisch.at\/\" target=\"_blank\" rel=\"noopener noreferrer\">Gunter Damisch<\/a> A, SPITZWELT, 1998 (Bronze-Skulptur)<\/p>\n<div id=\"attachment_809\" style=\"width: 2282px\" class=\"wp-caption alignleft\"><img loading=\"lazy\" decoding=\"async\" aria-describedby=\"caption-attachment-809\" class=\"wp-image-809 size-full\" src=\"https:\/\/kunstgarten.at\/wp-content\/uploads\/2016\/02\/alugussDSCN0286.jpg\" alt=\"Jakob Gasteiger_SCHWARZER ALUGUSS\" width=\"2272\" height=\"1704\" srcset=\"https:\/\/kunstgarten.at\/wp-content\/uploads\/2016\/02\/alugussDSCN0286.jpg 2272w, https:\/\/kunstgarten.at\/wp-content\/uploads\/2016\/02\/alugussDSCN0286-225x170.jpg 225w, https:\/\/kunstgarten.at\/wp-content\/uploads\/2016\/02\/alugussDSCN0286-400x300.jpg 400w, https:\/\/kunstgarten.at\/wp-content\/uploads\/2016\/02\/alugussDSCN0286-1024x768.jpg 1024w, https:\/\/kunstgarten.at\/wp-content\/uploads\/2016\/02\/alugussDSCN0286-185x139.jpg 185w\" sizes=\"auto, (max-width: 2272px) 100vw, 2272px\" \/><p id=\"caption-attachment-809\" class=\"wp-caption-text\">Jakob Gasteiger_SCHWARZER ALUGUSS<\/p><\/div>\n<p>J<a href=\"http:\/\/members.chello.at\/%7Egasteiger\/\" target=\"_blank\" rel=\"noopener noreferrer\">akob Gasteiger<\/a> A, SCHWARZER ALUGUSS, \u00a02004<\/p>\n<div id=\"attachment_1088\" style=\"width: 3825px\" class=\"wp-caption alignleft\"><img loading=\"lazy\" decoding=\"async\" aria-describedby=\"caption-attachment-1088\" class=\"wp-image-1088 size-full\" src=\"https:\/\/kunstgarten.at\/wp-content\/uploads\/2016\/02\/20130125_9999_20.jpg\" alt=\"Renate Kordon_LICHTWESEN im Winter\" width=\"3815\" height=\"2543\" srcset=\"https:\/\/kunstgarten.at\/wp-content\/uploads\/2016\/02\/20130125_9999_20.jpg 3815w, https:\/\/kunstgarten.at\/wp-content\/uploads\/2016\/02\/20130125_9999_20-400x267.jpg 400w, https:\/\/kunstgarten.at\/wp-content\/uploads\/2016\/02\/20130125_9999_20-1024x683.jpg 1024w, https:\/\/kunstgarten.at\/wp-content\/uploads\/2016\/02\/20130125_9999_20-1035x690.jpg 1035w, https:\/\/kunstgarten.at\/wp-content\/uploads\/2016\/02\/20130125_9999_20-185x123.jpg 185w\" sizes=\"auto, (max-width: 3815px) 100vw, 3815px\" \/><p id=\"caption-attachment-1088\" class=\"wp-caption-text\">Renate Kordon_LICHTWESEN im Winter<\/p><\/div>\n<img loading=\"lazy\" decoding=\"async\" class=\"alignnone wp-image-476 size-full\" src=\"https:\/\/kunstgarten.at\/wp-content\/uploads\/2016\/01\/LICHTWESEN-2013-11-16-15.05.49.jpg\" alt=\"Renate Kordon LICHTWESEN 2006, Foto kunstGarten\" width=\"1279\" height=\"957\" srcset=\"https:\/\/kunstgarten.at\/wp-content\/uploads\/2016\/01\/LICHTWESEN-2013-11-16-15.05.49.jpg 1279w, https:\/\/kunstgarten.at\/wp-content\/uploads\/2016\/01\/LICHTWESEN-2013-11-16-15.05.49-400x299.jpg 400w, https:\/\/kunstgarten.at\/wp-content\/uploads\/2016\/01\/LICHTWESEN-2013-11-16-15.05.49-1024x766.jpg 1024w, https:\/\/kunstgarten.at\/wp-content\/uploads\/2016\/01\/LICHTWESEN-2013-11-16-15.05.49-185x138.jpg 185w\" sizes=\"auto, (max-width: 1279px) 100vw, 1279px\" \/>\n<p><a href=\"http:\/\/www.basis-wien.at\/cgi-bin\/browse.pl?t=fipo.tpl&amp;fipoid=15823\" target=\"_blank\" rel=\"noopener noreferrer\">Renate Kordon<\/a> A, \u00a0,LICHTWESEN, 2006 (Drahtskulptur)<\/p>\n<p>AQUARELL, <a href=\"http:\/\/www.guenther-pedrotti.com\/\" target=\"_blank\" rel=\"noopener noreferrer\">G\u00fcnther Pedrotti <\/a>A 2006 (Modell-Installation)<\/p>\n<div id=\"attachment_477\" style=\"width: 2654px\" class=\"wp-caption alignnone\"><img loading=\"lazy\" decoding=\"async\" aria-describedby=\"caption-attachment-477\" class=\"wp-image-477 size-full\" src=\"https:\/\/kunstgarten.at\/wp-content\/uploads\/2016\/01\/markus-redl_ICH-BIN-DAFU\u0308R.minzo-2007IMG_0003.jpg\" alt=\"S\u00f6lker Marmor. Markus Redl ICH BIN DAF\u00dcR und Kater Minzo, Foto kunstGarten\" width=\"2644\" height=\"2504\" srcset=\"https:\/\/kunstgarten.at\/wp-content\/uploads\/2016\/01\/markus-redl_ICH-BIN-DAFU\u0308R.minzo-2007IMG_0003.jpg 2644w, https:\/\/kunstgarten.at\/wp-content\/uploads\/2016\/01\/markus-redl_ICH-BIN-DAFU\u0308R.minzo-2007IMG_0003-400x379.jpg 400w, https:\/\/kunstgarten.at\/wp-content\/uploads\/2016\/01\/markus-redl_ICH-BIN-DAFU\u0308R.minzo-2007IMG_0003-1024x970.jpg 1024w, https:\/\/kunstgarten.at\/wp-content\/uploads\/2016\/01\/markus-redl_ICH-BIN-DAFU\u0308R.minzo-2007IMG_0003-185x175.jpg 185w\" sizes=\"auto, (max-width: 2644px) 100vw, 2644px\" \/><p id=\"caption-attachment-477\" class=\"wp-caption-text\">S\u00f6lker Marmor. ICH BIN DAF\u00dcR und Kater Minzo<\/p><\/div>\n<p><a href=\"http:\/\/www.markusredl.com\/\" target=\"_blank\" rel=\"noopener noreferrer\">Markus Redl<\/a> A, ICH BIN DAF\u00dcR,2006 (S\u00f6lker Marmor)<\/p>\n<div id=\"attachment_968\" style=\"width: 3274px\" class=\"wp-caption alignleft\"><img loading=\"lazy\" decoding=\"async\" aria-describedby=\"caption-attachment-968\" class=\"wp-image-968 size-full\" src=\"https:\/\/kunstgarten.at\/wp-content\/uploads\/2016\/02\/IMG_5930.jpg\" alt=\"Winterb\u00fchne mitK\u00dcSSCHEN von Paula Muhr und Markus Redl INSZENIERTE SCHEISSE (Krastaler Marmor)\" width=\"3264\" height=\"2448\" srcset=\"https:\/\/kunstgarten.at\/wp-content\/uploads\/2016\/02\/IMG_5930.jpg 3264w, https:\/\/kunstgarten.at\/wp-content\/uploads\/2016\/02\/IMG_5930-225x170.jpg 225w, https:\/\/kunstgarten.at\/wp-content\/uploads\/2016\/02\/IMG_5930-400x300.jpg 400w, https:\/\/kunstgarten.at\/wp-content\/uploads\/2016\/02\/IMG_5930-1024x768.jpg 1024w, https:\/\/kunstgarten.at\/wp-content\/uploads\/2016\/02\/IMG_5930-185x139.jpg 185w\" sizes=\"auto, (max-width: 3264px) 100vw, 3264px\" \/><p id=\"caption-attachment-968\" class=\"wp-caption-text\">Winterb\u00fchne mitK\u00dcSSCHEN von Paula Muhr und Markus Redl INSZENIERTE SCHEISSE (Krastaler Marmor)<\/p><\/div>\n<p>INSZENIERTE SCHEISSE, <a href=\"http:\/\/www.markusredl.com\/\" target=\"_blank\" rel=\"noopener noreferrer\">Markus Redl<\/a> A 2005 (Krastaler Marmor)<\/p>\n<div id=\"attachment_481\" style=\"width: 2306px\" class=\"wp-caption alignnone\"><img loading=\"lazy\" decoding=\"async\" aria-describedby=\"caption-attachment-481\" class=\"wp-image-481 size-full\" src=\"https:\/\/kunstgarten.at\/wp-content\/uploads\/2016\/01\/73-Eva-Ursprung-LIFEBELT-Chihiro-Sato-LIFE-NETWORK-I-Francesca-Cataldi-CASCATA-FOSSILE-Alfred-Resch-SCHEIBENHONIG-_-IMG_0278.jpeg\" alt=\"Teich mit Arbeiten von Alfred Resch, Francesca Cataldi, Chihiro Sato, Eva Ursprung Foto kunstGarten\" width=\"2296\" height=\"2296\" srcset=\"https:\/\/kunstgarten.at\/wp-content\/uploads\/2016\/01\/73-Eva-Ursprung-LIFEBELT-Chihiro-Sato-LIFE-NETWORK-I-Francesca-Cataldi-CASCATA-FOSSILE-Alfred-Resch-SCHEIBENHONIG-_-IMG_0278.jpeg 2296w, https:\/\/kunstgarten.at\/wp-content\/uploads\/2016\/01\/73-Eva-Ursprung-LIFEBELT-Chihiro-Sato-LIFE-NETWORK-I-Francesca-Cataldi-CASCATA-FOSSILE-Alfred-Resch-SCHEIBENHONIG-_-IMG_0278-400x400.jpeg 400w, https:\/\/kunstgarten.at\/wp-content\/uploads\/2016\/01\/73-Eva-Ursprung-LIFEBELT-Chihiro-Sato-LIFE-NETWORK-I-Francesca-Cataldi-CASCATA-FOSSILE-Alfred-Resch-SCHEIBENHONIG-_-IMG_0278-1024x1024.jpeg 1024w, https:\/\/kunstgarten.at\/wp-content\/uploads\/2016\/01\/73-Eva-Ursprung-LIFEBELT-Chihiro-Sato-LIFE-NETWORK-I-Francesca-Cataldi-CASCATA-FOSSILE-Alfred-Resch-SCHEIBENHONIG-_-IMG_0278-185x185.jpeg 185w, https:\/\/kunstgarten.at\/wp-content\/uploads\/2016\/01\/73-Eva-Ursprung-LIFEBELT-Chihiro-Sato-LIFE-NETWORK-I-Francesca-Cataldi-CASCATA-FOSSILE-Alfred-Resch-SCHEIBENHONIG-_-IMG_0278-125x125.jpeg 125w\" sizes=\"auto, (max-width: 2296px) 100vw, 2296px\" \/><p id=\"caption-attachment-481\" class=\"wp-caption-text\">Teich mit Arbeiten von Alfred Resch, Francesca Cataldi, Chihiro Sato, Eva Ursprung<br \/>Foto kunstGarten<\/p><\/div>\n<p><a href=\"http:\/\/www.alfred-resch.com\/\" target=\"_blank\" rel=\"noopener noreferrer\">Alfred Resch<\/a>\u00a0A, GROSSER GRIES-KLEINER GRIESS:SCHEIBEHONIG, 2006<br \/>\nLICHTH\u00c4KELTEPPICH, Alfred Resch 2009 (Draht, Led, Netzger\u00e4t), WEBERVOGELNESTER 2013<\/p>\n<p><img loading=\"lazy\" decoding=\"async\" class=\"alignnone wp-image-485 size-full\" src=\"https:\/\/kunstgarten.at\/wp-content\/uploads\/2016\/01\/93_Alfred-Resch-WEBERVOGELNESTER-IMG_1729.jpg\" alt=\"Foto kunstGarten\" width=\"2448\" height=\"3264\" srcset=\"https:\/\/kunstgarten.at\/wp-content\/uploads\/2016\/01\/93_Alfred-Resch-WEBERVOGELNESTER-IMG_1729.jpg 2448w, https:\/\/kunstgarten.at\/wp-content\/uploads\/2016\/01\/93_Alfred-Resch-WEBERVOGELNESTER-IMG_1729-375x500.jpg 375w, https:\/\/kunstgarten.at\/wp-content\/uploads\/2016\/01\/93_Alfred-Resch-WEBERVOGELNESTER-IMG_1729-768x1024.jpg 768w, https:\/\/kunstgarten.at\/wp-content\/uploads\/2016\/01\/93_Alfred-Resch-WEBERVOGELNESTER-IMG_1729-139x185.jpg 139w\" sizes=\"auto, (max-width: 2448px) 100vw, 2448px\" \/>WEBERVOGELNESTER 2013<\/p>\n<div id=\"attachment_502\" style=\"width: 1414px\" class=\"wp-caption alignnone\"><img loading=\"lazy\" decoding=\"async\" aria-describedby=\"caption-attachment-502\" class=\"wp-image-502 size-full\" src=\"https:\/\/kunstgarten.at\/wp-content\/uploads\/2016\/01\/rimele.jpg\" alt=\"Oto Rimele 2005\" width=\"1404\" height=\"1688\" srcset=\"https:\/\/kunstgarten.at\/wp-content\/uploads\/2016\/01\/rimele.jpg 1404w, https:\/\/kunstgarten.at\/wp-content\/uploads\/2016\/01\/rimele-400x481.jpg 400w, https:\/\/kunstgarten.at\/wp-content\/uploads\/2016\/01\/rimele-852x1024.jpg 852w, https:\/\/kunstgarten.at\/wp-content\/uploads\/2016\/01\/rimele-154x185.jpg 154w\" sizes=\"auto, (max-width: 1404px) 100vw, 1404px\" \/><p id=\"caption-attachment-502\" class=\"wp-caption-text\">IL RE RO I, SLO,\u00a0 2005 (Aluminium-Skulptur), DIPTYCH AND THE FLY 2013<\/p><\/div>\n<div id=\"attachment_922\" style=\"width: 1290px\" class=\"wp-caption alignnone\"><img loading=\"lazy\" decoding=\"async\" aria-describedby=\"caption-attachment-922\" class=\"wp-image-922 size-full\" src=\"https:\/\/kunstgarten.at\/wp-content\/uploads\/2016\/02\/95-Oto-Rimele-DIPTYCH-AND-THE-FLY-IMG_0850.jpg\" alt=\"Oto-Rimele-DIPTYCH-AND-THE-FLY, Projekt mit Universit\u00e4t Maribor \" width=\"1280\" height=\"960\" srcset=\"https:\/\/kunstgarten.at\/wp-content\/uploads\/2016\/02\/95-Oto-Rimele-DIPTYCH-AND-THE-FLY-IMG_0850.jpg 1280w, https:\/\/kunstgarten.at\/wp-content\/uploads\/2016\/02\/95-Oto-Rimele-DIPTYCH-AND-THE-FLY-IMG_0850-225x170.jpg 225w, https:\/\/kunstgarten.at\/wp-content\/uploads\/2016\/02\/95-Oto-Rimele-DIPTYCH-AND-THE-FLY-IMG_0850-400x300.jpg 400w, https:\/\/kunstgarten.at\/wp-content\/uploads\/2016\/02\/95-Oto-Rimele-DIPTYCH-AND-THE-FLY-IMG_0850-1024x768.jpg 1024w, https:\/\/kunstgarten.at\/wp-content\/uploads\/2016\/02\/95-Oto-Rimele-DIPTYCH-AND-THE-FLY-IMG_0850-185x139.jpg 185w\" sizes=\"auto, (max-width: 1280px) 100vw, 1280px\" \/><p id=\"caption-attachment-922\" class=\"wp-caption-text\">Oto-Rimele-DIPTYCH-AND-THE-FLY, Projekt mit Universit\u00e4t Maribor<\/p><\/div>\n<p><a href=\"http:\/\/www.museums.si\/Exhibitions\/details\/10290\" target=\"_blank\" rel=\"noopener noreferrer\">Oto Rimele<\/a> SLO,\u00a0IL RE RO I,\u00a02005 (Aluminium-Skulptur), DIPTYCH AND THE FLY 2013<\/p>\n<p><img loading=\"lazy\" decoding=\"async\" class=\"alignnone wp-image-516 size-full\" src=\"https:\/\/kunstgarten.at\/wp-content\/uploads\/2016\/01\/IMG_0836.jpg\" alt=\"FIGURES OF LANDSCAPE, Sand, Wachs 95\/13\" width=\"3264\" height=\"2448\" srcset=\"https:\/\/kunstgarten.at\/wp-content\/uploads\/2016\/01\/IMG_0836.jpg 3264w, https:\/\/kunstgarten.at\/wp-content\/uploads\/2016\/01\/IMG_0836-225x170.jpg 225w, https:\/\/kunstgarten.at\/wp-content\/uploads\/2016\/01\/IMG_0836-400x300.jpg 400w, https:\/\/kunstgarten.at\/wp-content\/uploads\/2016\/01\/IMG_0836-1024x768.jpg 1024w, https:\/\/kunstgarten.at\/wp-content\/uploads\/2016\/01\/IMG_0836-185x139.jpg 185w\" sizes=\"auto, (max-width: 3264px) 100vw, 3264px\" \/><a href=\"http:\/\/www.alenozbolt.si\/default.aspx\">Alan\u00a0O\u017ebolt <\/a>SLO,\u00a0FIGURES OF LANDSCAPE, Sand, Wachs 95\/13, <a href=\"http:\/\/www.alenozbolt.si\/default.aspx\">Alan\u00a0O\u017ebolt <\/a>im Rahmen des kunstGarten-Grenz-Frei Projekts mit University of Maribor und Ortweinschule Graz 2013<\/p>\n<div id=\"attachment_3788\" style=\"width: 690px\" class=\"wp-caption alignnone\"><img loading=\"lazy\" decoding=\"async\" aria-describedby=\"caption-attachment-3788\" class=\"size-large wp-image-3788\" src=\"http:\/\/kunstgarten.weblog.mur.at\/kunstgarten\/uploads\/2015\/12\/Joscha-Bittner-RENDEZVOUS-2018-IMG_3590-791x1024.jpg\" alt=\"\" width=\"680\" height=\"880\" srcset=\"https:\/\/kunstgarten.at\/wp-content\/uploads\/2015\/12\/Joscha-Bittner-RENDEZVOUS-2018-IMG_3590-791x1024.jpg 791w, https:\/\/kunstgarten.at\/wp-content\/uploads\/2015\/12\/Joscha-Bittner-RENDEZVOUS-2018-IMG_3590-386x500.jpg 386w, https:\/\/kunstgarten.at\/wp-content\/uploads\/2015\/12\/Joscha-Bittner-RENDEZVOUS-2018-IMG_3590-768x994.jpg 768w, https:\/\/kunstgarten.at\/wp-content\/uploads\/2015\/12\/Joscha-Bittner-RENDEZVOUS-2018-IMG_3590-143x185.jpg 143w\" sizes=\"auto, (max-width: 680px) 100vw, 680px\" \/><p id=\"caption-attachment-3788\" class=\"wp-caption-text\">Joscha Bittner RENDEZVOUS 2018<\/p><\/div>\n<p><img loading=\"lazy\" decoding=\"async\" class=\"size-full wp-image-3790\" src=\"http:\/\/kunstgarten.weblog.mur.at\/kunstgarten\/uploads\/2015\/12\/Fr\u00fchlingsfeen-Sato-SchuhIMG_0470.jpg\" alt=\"\" width=\"397\" height=\"354\" \/>Fr\u00fchlingsfeen- Chihiro Sato\u00b4<\/p>\n<p><a href=\"http:\/\/chihiro-keramik.blogspot.com\/\" target=\"_blank\" rel=\"noopener noreferrer\">Chihiro Sato<\/a>\u00a0J\/A,DUNKLE GEF\u00c4SSE, \u00a02004 (Manganton) und<br \/>\nLIFE NETWORK I J\/A, 2005 (Manganton) &#8211; siehe Teichfoto<\/p>\n<div id=\"attachment_521\" style=\"width: 2602px\" class=\"wp-caption alignnone\"><img loading=\"lazy\" decoding=\"async\" aria-describedby=\"caption-attachment-521\" class=\"wp-image-521 size-full\" src=\"https:\/\/kunstgarten.at\/wp-content\/uploads\/2016\/01\/Calycanthus-Acalea-mollis-Skerbisch-Ur-SPHA\u0308RE.IMG_3841-e1454777083921.jpg\" alt=\"UrSPH\u00c4RE 2004\" width=\"2592\" height=\"3888\" srcset=\"https:\/\/kunstgarten.at\/wp-content\/uploads\/2016\/01\/Calycanthus-Acalea-mollis-Skerbisch-Ur-SPHA\u0308RE.IMG_3841-e1454777083921.jpg 2592w, https:\/\/kunstgarten.at\/wp-content\/uploads\/2016\/01\/Calycanthus-Acalea-mollis-Skerbisch-Ur-SPHA\u0308RE.IMG_3841-e1454777083921-333x500.jpg 333w, https:\/\/kunstgarten.at\/wp-content\/uploads\/2016\/01\/Calycanthus-Acalea-mollis-Skerbisch-Ur-SPHA\u0308RE.IMG_3841-e1454777083921-683x1024.jpg 683w, https:\/\/kunstgarten.at\/wp-content\/uploads\/2016\/01\/Calycanthus-Acalea-mollis-Skerbisch-Ur-SPHA\u0308RE.IMG_3841-e1454777083921-123x185.jpg 123w\" sizes=\"auto, (max-width: 2592px) 100vw, 2592px\" \/><p id=\"caption-attachment-521\" class=\"wp-caption-text\">Hartmut Skerbisch UrSPH\u00c4RE 2004<\/p><\/div>\n<p><a href=\"http:\/\/de.wikipedia.org\/wiki\/Hartmut_Skerbisch\" target=\"_blank\" rel=\"noopener noreferrer\">Hartmut Skerbisch<\/a> A, Ur-SPH\u00c4RE, \u00a02004 (Bunte Metallb\u00e4nder)<\/p>\n<div id=\"attachment_877\" style=\"width: 3898px\" class=\"wp-caption alignnone\"><img loading=\"lazy\" decoding=\"async\" aria-describedby=\"caption-attachment-877\" class=\"wp-image-877 size-full\" src=\"https:\/\/kunstgarten.at\/wp-content\/uploads\/2016\/02\/Schwertlilien-und-Skerbisch-SPHA\u0308RE-i.Mai-IMG_4055.jpg\" alt=\"Schwertlilien und Hartmut Skerbisch _SPH\u00c4RE 230\" width=\"3888\" height=\"2592\" srcset=\"https:\/\/kunstgarten.at\/wp-content\/uploads\/2016\/02\/Schwertlilien-und-Skerbisch-SPHA\u0308RE-i.Mai-IMG_4055.jpg 3888w, https:\/\/kunstgarten.at\/wp-content\/uploads\/2016\/02\/Schwertlilien-und-Skerbisch-SPHA\u0308RE-i.Mai-IMG_4055-400x267.jpg 400w, https:\/\/kunstgarten.at\/wp-content\/uploads\/2016\/02\/Schwertlilien-und-Skerbisch-SPHA\u0308RE-i.Mai-IMG_4055-1024x683.jpg 1024w, https:\/\/kunstgarten.at\/wp-content\/uploads\/2016\/02\/Schwertlilien-und-Skerbisch-SPHA\u0308RE-i.Mai-IMG_4055-1035x690.jpg 1035w, https:\/\/kunstgarten.at\/wp-content\/uploads\/2016\/02\/Schwertlilien-und-Skerbisch-SPHA\u0308RE-i.Mai-IMG_4055-185x123.jpg 185w\" sizes=\"auto, (max-width: 3888px) 100vw, 3888px\" \/><p id=\"caption-attachment-877\" class=\"wp-caption-text\">Schwertlilien und Hartmut Skerbisch _SPH\u00c4RE 230<\/p><\/div>\n<p><a href=\"http:\/\/www.kulturserver-graz.at\/v\/skerbisch.hartmut.html\" target=\"_blank\" rel=\"noopener noreferrer\">Hartmut Skerbisch<\/a> A, SPH\u00c4RE 235, 2006 (Stahl-Skulptur),<\/p>\n<p><img loading=\"lazy\" decoding=\"async\" class=\"alignnone wp-image-522 size-full\" src=\"https:\/\/kunstgarten.at\/wp-content\/uploads\/2016\/01\/kunstGartengepflegtes-GARTENLABYRINTH_20111011_7116.jpg\" alt=\"kunstGartengepflegtes GARTENLABYRINTH_20111011_7116\" width=\"3888\" height=\"2592\" srcset=\"https:\/\/kunstgarten.at\/wp-content\/uploads\/2016\/01\/kunstGartengepflegtes-GARTENLABYRINTH_20111011_7116.jpg 3888w, https:\/\/kunstgarten.at\/wp-content\/uploads\/2016\/01\/kunstGartengepflegtes-GARTENLABYRINTH_20111011_7116-400x267.jpg 400w, https:\/\/kunstgarten.at\/wp-content\/uploads\/2016\/01\/kunstGartengepflegtes-GARTENLABYRINTH_20111011_7116-1024x683.jpg 1024w, https:\/\/kunstgarten.at\/wp-content\/uploads\/2016\/01\/kunstGartengepflegtes-GARTENLABYRINTH_20111011_7116-1035x690.jpg 1035w, https:\/\/kunstgarten.at\/wp-content\/uploads\/2016\/01\/kunstGartengepflegtes-GARTENLABYRINTH_20111011_7116-185x123.jpg 185w\" sizes=\"auto, (max-width: 3888px) 100vw, 3888px\" \/>Hartmut Skerbisch A,\u00a0DAS GARTENLABYRINTH 2007 &#8211;<br \/>\nAuf Der T\u00e4ndelwiese, Kooperation mit KI\u00d6R. Konzeption, Anlage und Pflege: \u00a0kunstGarten Juni 2004 &#8211; April 2012<\/p>\n<div id=\"attachment_524\" style=\"width: 2402px\" class=\"wp-caption alignnone\"><img loading=\"lazy\" decoding=\"async\" aria-describedby=\"caption-attachment-524\" class=\"wp-image-524 size-full\" src=\"https:\/\/kunstgarten.at\/wp-content\/uploads\/2016\/01\/PYTHAGORAS-IMG_2942.jpeg\" alt=\"PYTHAGORASBAUM, 2007\" width=\"2392\" height=\"2392\" srcset=\"https:\/\/kunstgarten.at\/wp-content\/uploads\/2016\/01\/PYTHAGORAS-IMG_2942.jpeg 2392w, https:\/\/kunstgarten.at\/wp-content\/uploads\/2016\/01\/PYTHAGORAS-IMG_2942-400x400.jpeg 400w, https:\/\/kunstgarten.at\/wp-content\/uploads\/2016\/01\/PYTHAGORAS-IMG_2942-1024x1024.jpeg 1024w, https:\/\/kunstgarten.at\/wp-content\/uploads\/2016\/01\/PYTHAGORAS-IMG_2942-185x185.jpeg 185w, https:\/\/kunstgarten.at\/wp-content\/uploads\/2016\/01\/PYTHAGORAS-IMG_2942-125x125.jpeg 125w\" sizes=\"auto, (max-width: 2392px) 100vw, 2392px\" \/><p id=\"caption-attachment-524\" class=\"wp-caption-text\">PYTHAGORASBAUM, 2007<\/p><\/div>\n<p>Hartmut Skerbisch A, FRAKTAL (Pythagor\u00e4ischer Baum), 2007 (Eisen lackiert)<\/p>\n<p>LIFE BELT FOR THE ART, 2011<\/p>\n<div id=\"attachment_3792\" style=\"width: 690px\" class=\"wp-caption alignnone\"><img loading=\"lazy\" decoding=\"async\" aria-describedby=\"caption-attachment-3792\" class=\"size-large wp-image-3792\" src=\"http:\/\/kunstgarten.weblog.mur.at\/kunstgarten\/uploads\/2015\/12\/TEICH--1024x682.jpg\" alt=\"\" width=\"680\" height=\"453\" srcset=\"https:\/\/kunstgarten.at\/wp-content\/uploads\/2015\/12\/TEICH--1024x682.jpg 1024w, https:\/\/kunstgarten.at\/wp-content\/uploads\/2015\/12\/TEICH--400x267.jpg 400w, https:\/\/kunstgarten.at\/wp-content\/uploads\/2015\/12\/TEICH--768x512.jpg 768w, https:\/\/kunstgarten.at\/wp-content\/uploads\/2015\/12\/TEICH--1035x690.jpg 1035w, https:\/\/kunstgarten.at\/wp-content\/uploads\/2015\/12\/TEICH--185x123.jpg 185w, https:\/\/kunstgarten.at\/wp-content\/uploads\/2015\/12\/TEICH-.jpg 1280w\" sizes=\"auto, (max-width: 680px) 100vw, 680px\" \/><p id=\"caption-attachment-3792\" class=\"wp-caption-text\">Eva Ursprung LIFBELT FOR THE ART, 2011 &#8211; Chihiro Sato LIFE NETWORK, 2006<\/p><\/div>\n<div id=\"attachment_3793\" style=\"width: 690px\" class=\"wp-caption alignnone\"><img loading=\"lazy\" decoding=\"async\" aria-describedby=\"caption-attachment-3793\" class=\"size-large wp-image-3793\" src=\"http:\/\/kunstgarten.weblog.mur.at\/kunstgarten\/uploads\/2015\/12\/Archetypic.Noises-Bild-948x1024.jpg\" alt=\"\" width=\"680\" height=\"735\" srcset=\"https:\/\/kunstgarten.at\/wp-content\/uploads\/2015\/12\/Archetypic.Noises-Bild-948x1024.jpg 948w, https:\/\/kunstgarten.at\/wp-content\/uploads\/2015\/12\/Archetypic.Noises-Bild-400x432.jpg 400w, https:\/\/kunstgarten.at\/wp-content\/uploads\/2015\/12\/Archetypic.Noises-Bild-768x829.jpg 768w, https:\/\/kunstgarten.at\/wp-content\/uploads\/2015\/12\/Archetypic.Noises-Bild-171x185.jpg 171w, https:\/\/kunstgarten.at\/wp-content\/uploads\/2015\/12\/Archetypic.Noises-Bild.jpg 1417w\" sizes=\"auto, (max-width: 680px) 100vw, 680px\" \/><p id=\"caption-attachment-3793\" class=\"wp-caption-text\">Eva Ursprung ARCHETYPIC NOISES 2005<\/p><\/div>\n<p><a href=\"http:\/\/ursprung.mur.at\/\" target=\"_blank\" rel=\"noopener noreferrer\">Eva Ursprung <\/a>A, ARCHETYPIC NOISES, \u00a02005 (Soundinstallation), LIFE BELT FOR THE ART 2011<\/p>\n<div id=\"attachment_815\" style=\"width: 1427px\" class=\"wp-caption alignnone\"><img loading=\"lazy\" decoding=\"async\" aria-describedby=\"caption-attachment-815\" class=\"wp-image-815 size-full\" src=\"https:\/\/kunstgarten.at\/wp-content\/uploads\/2016\/02\/GlassPlant-Wagnest-Austrian-CopperIMG_1292.jpg\" alt=\"Matta Wagnest_GLASSPLANT &amp; Austrian Copper (R. foetida bicolor)\" width=\"1417\" height=\"1463\" srcset=\"https:\/\/kunstgarten.at\/wp-content\/uploads\/2016\/02\/GlassPlant-Wagnest-Austrian-CopperIMG_1292.jpg 1417w, https:\/\/kunstgarten.at\/wp-content\/uploads\/2016\/02\/GlassPlant-Wagnest-Austrian-CopperIMG_1292-400x413.jpg 400w, https:\/\/kunstgarten.at\/wp-content\/uploads\/2016\/02\/GlassPlant-Wagnest-Austrian-CopperIMG_1292-992x1024.jpg 992w, https:\/\/kunstgarten.at\/wp-content\/uploads\/2016\/02\/GlassPlant-Wagnest-Austrian-CopperIMG_1292-179x185.jpg 179w\" sizes=\"auto, (max-width: 1417px) 100vw, 1417px\" \/><p id=\"caption-attachment-815\" class=\"wp-caption-text\">Matta Wagnest_GLASSPLANT &amp; Austrian Copper (R. foetida bicolor)<\/p><\/div>\n<p>Matta Wagnest A, GLASS PLANT, 2006 (Glas)<\/p>\n<div id=\"attachment_525\" style=\"width: 2503px\" class=\"wp-caption alignnone\"><img loading=\"lazy\" decoding=\"async\" aria-describedby=\"caption-attachment-525\" class=\"wp-image-525 size-full\" src=\"https:\/\/kunstgarten.at\/wp-content\/uploads\/2016\/01\/Matta-Wagnest-BLAUE-WOLKENKUGEL-IMG_0106.jpg\" alt=\"... und Ringelblumen\" width=\"2493\" height=\"2493\" srcset=\"https:\/\/kunstgarten.at\/wp-content\/uploads\/2016\/01\/Matta-Wagnest-BLAUE-WOLKENKUGEL-IMG_0106.jpg 2493w, https:\/\/kunstgarten.at\/wp-content\/uploads\/2016\/01\/Matta-Wagnest-BLAUE-WOLKENKUGEL-IMG_0106-400x400.jpg 400w, https:\/\/kunstgarten.at\/wp-content\/uploads\/2016\/01\/Matta-Wagnest-BLAUE-WOLKENKUGEL-IMG_0106-1024x1024.jpg 1024w, https:\/\/kunstgarten.at\/wp-content\/uploads\/2016\/01\/Matta-Wagnest-BLAUE-WOLKENKUGEL-IMG_0106-185x185.jpg 185w, https:\/\/kunstgarten.at\/wp-content\/uploads\/2016\/01\/Matta-Wagnest-BLAUE-WOLKENKUGEL-IMG_0106-125x125.jpg 125w\" sizes=\"auto, (max-width: 2493px) 100vw, 2493px\" \/><p id=\"caption-attachment-525\" class=\"wp-caption-text\">BLAUE WOLKENKUGELund Ringelblumen<\/p><\/div>\n<p>Matta Wagnest, BLAUE WOLKENKUGEL, 2006 (Glas)<\/p>\n<div id=\"attachment_920\" style=\"width: 432px\" class=\"wp-caption alignleft\"><img loading=\"lazy\" decoding=\"async\" aria-describedby=\"caption-attachment-920\" class=\"wp-image-920 size-full\" src=\"https:\/\/kunstgarten.at\/wp-content\/uploads\/2016\/02\/TRIADE.6.U\u0308ber-allen-Gipfeln-...Herbst.kunstGarten.IMG_2945.jpg\" alt=\"Walter Kratner_\u00dcBER ALLEN WIPFELN ...\" width=\"422\" height=\"432\" srcset=\"https:\/\/kunstgarten.at\/wp-content\/uploads\/2016\/02\/TRIADE.6.U\u0308ber-allen-Gipfeln-...Herbst.kunstGarten.IMG_2945.jpg 422w, https:\/\/kunstgarten.at\/wp-content\/uploads\/2016\/02\/TRIADE.6.U\u0308ber-allen-Gipfeln-...Herbst.kunstGarten.IMG_2945-400x409.jpg 400w, https:\/\/kunstgarten.at\/wp-content\/uploads\/2016\/02\/TRIADE.6.U\u0308ber-allen-Gipfeln-...Herbst.kunstGarten.IMG_2945-181x185.jpg 181w\" sizes=\"auto, (max-width: 422px) 100vw, 422px\" \/><p id=\"caption-attachment-920\" class=\"wp-caption-text\">Walter Kratner_\u00dcBER ALLEN WIPFELN &#8230;<\/p><\/div>\n<p><a href=\"http:\/\/www.kultur.at\/see\/kratner.htm\" target=\"_blank\" rel=\"noopener noreferrer\">Walter Kratner<\/a> \u00d6, \u00dcBER ALLEN GIPFELN IST RUH, \u00a02007 (Edelstahl, Glas, Plastik, Sand) &#8211; fiel einem abst\u00fcrzenden Ast zum Opfer<br \/>\n<img loading=\"lazy\" decoding=\"async\" class=\"alignnone wp-image-817 size-full\" src=\"https:\/\/kunstgarten.at\/wp-content\/uploads\/2016\/02\/Satzbeet-3.jpg\" alt=\"Satzbeet-3\" width=\"1694\" height=\"1294\" srcset=\"https:\/\/kunstgarten.at\/wp-content\/uploads\/2016\/02\/Satzbeet-3.jpg 1694w, https:\/\/kunstgarten.at\/wp-content\/uploads\/2016\/02\/Satzbeet-3-400x306.jpg 400w, https:\/\/kunstgarten.at\/wp-content\/uploads\/2016\/02\/Satzbeet-3-1024x782.jpg 1024w, https:\/\/kunstgarten.at\/wp-content\/uploads\/2016\/02\/Satzbeet-3-185x141.jpg 185w\" sizes=\"auto, (max-width: 1694px) 100vw, 1694px\" \/><a href=\"http:\/\/www.kulturservice.steiermark.at\/cms\/beitrag\/11066974\/29376061\" target=\"_blank\" rel=\"noopener noreferrer\">Irmgard Schaumberger<\/a>\u00a0A, SATZBEET, 2007 (Keramik-Installation im Gew\u00e4chshaus)<\/p>\n<div id=\"attachment_1259\" style=\"width: 3898px\" class=\"wp-caption alignleft\"><img loading=\"lazy\" decoding=\"async\" aria-describedby=\"caption-attachment-1259\" class=\"size-full wp-image-1259\" src=\"https:\/\/kunstgarten.at\/wp-content\/uploads\/2016\/02\/28-_-Sedimente_Spitzwelt-IMG_10761.jpg\" alt=\"\" width=\"3888\" height=\"2592\" srcset=\"https:\/\/kunstgarten.at\/wp-content\/uploads\/2016\/02\/28-_-Sedimente_Spitzwelt-IMG_10761.jpg 3888w, https:\/\/kunstgarten.at\/wp-content\/uploads\/2016\/02\/28-_-Sedimente_Spitzwelt-IMG_10761-400x267.jpg 400w, https:\/\/kunstgarten.at\/wp-content\/uploads\/2016\/02\/28-_-Sedimente_Spitzwelt-IMG_10761-1024x683.jpg 1024w, https:\/\/kunstgarten.at\/wp-content\/uploads\/2016\/02\/28-_-Sedimente_Spitzwelt-IMG_10761-1035x690.jpg 1035w, https:\/\/kunstgarten.at\/wp-content\/uploads\/2016\/02\/28-_-Sedimente_Spitzwelt-IMG_10761-185x123.jpg 185w\" sizes=\"auto, (max-width: 3888px) 100vw, 3888px\" \/><p id=\"caption-attachment-1259\" class=\"wp-caption-text\">Alfred Graf, SEDIMENTE.<br \/>Die steirischen Fl\u00fcsse von Nord nach S\u00fcd flie\u00dfend.<\/p><\/div>\n<p>SEDIMENTE, <a href=\"http:\/\/www.record.at\/graf\/\" target=\"_blank\" rel=\"noopener noreferrer\">Alfred Graf <\/a>2007 A (Flusssand-Installation), Sedimentbild H\u00dcHNERBACH, Sedimentstein LOSINJ 2014, Sedimentbild SOCA 2014<\/p>\n<div id=\"attachment_890\" style=\"width: 3252px\" class=\"wp-caption alignnone\"><img loading=\"lazy\" decoding=\"async\" aria-describedby=\"caption-attachment-890\" class=\"wp-image-890 size-full\" src=\"https:\/\/kunstgarten.at\/wp-content\/uploads\/2016\/02\/IMG_4168.jpg\" alt=\"Anna Gerlitz-Ottitsch_MONDIAL &amp; Mairosen\" width=\"3242\" height=\"2431\" srcset=\"https:\/\/kunstgarten.at\/wp-content\/uploads\/2016\/02\/IMG_4168.jpg 3242w, https:\/\/kunstgarten.at\/wp-content\/uploads\/2016\/02\/IMG_4168-225x170.jpg 225w, https:\/\/kunstgarten.at\/wp-content\/uploads\/2016\/02\/IMG_4168-400x300.jpg 400w, https:\/\/kunstgarten.at\/wp-content\/uploads\/2016\/02\/IMG_4168-1024x768.jpg 1024w, https:\/\/kunstgarten.at\/wp-content\/uploads\/2016\/02\/IMG_4168-185x139.jpg 185w\" sizes=\"auto, (max-width: 3242px) 100vw, 3242px\" \/><p id=\"caption-attachment-890\" class=\"wp-caption-text\">Anna Gerlitz-Ottitsch_MONDIAL &amp; Mairosen<\/p><\/div>\n<p><a href=\"http:\/\/www.kulturserver-graz.at\/v\/gerlitz.html\" target=\"_blank\" rel=\"noopener noreferrer\">Anna Gerlitz-Ottisch<\/a> 2006 A, MONDIAL (3 Metallmonde)<\/p>\n<div id=\"attachment_879\" style=\"width: 1290px\" class=\"wp-caption alignnone\"><img loading=\"lazy\" decoding=\"async\" aria-describedby=\"caption-attachment-879\" class=\"wp-image-879 size-full\" src=\"https:\/\/kunstgarten.at\/wp-content\/uploads\/2016\/02\/Scho\u0308nbacher-Monika-Kopie.jpeg\" alt=\"Monika Sch\u00f6nbacher-Frischenschlager_DENKMAL F\u00dcR AUSGESTORBENE PFLANZEN\" width=\"1280\" height=\"853\" srcset=\"https:\/\/kunstgarten.at\/wp-content\/uploads\/2016\/02\/Scho\u0308nbacher-Monika-Kopie.jpeg 1280w, https:\/\/kunstgarten.at\/wp-content\/uploads\/2016\/02\/Scho\u0308nbacher-Monika-Kopie-400x267.jpeg 400w, https:\/\/kunstgarten.at\/wp-content\/uploads\/2016\/02\/Scho\u0308nbacher-Monika-Kopie-1024x682.jpeg 1024w, https:\/\/kunstgarten.at\/wp-content\/uploads\/2016\/02\/Scho\u0308nbacher-Monika-Kopie-1035x690.jpeg 1035w, https:\/\/kunstgarten.at\/wp-content\/uploads\/2016\/02\/Scho\u0308nbacher-Monika-Kopie-185x123.jpeg 185w\" sizes=\"auto, (max-width: 1280px) 100vw, 1280px\" \/><p id=\"caption-attachment-879\" class=\"wp-caption-text\">Monika Sch\u00f6nbacher-Frischenschlager_DENKMAL F\u00dcR AUSGESTORBENE PFLANZEN<\/p><\/div>\n<p>MONUMENT AUX PLANTES DISPARUES, <a href=\"http:\/\/www.schoenbacher.at\/\" target=\"_blank\" rel=\"noopener noreferrer\">Monika Sch\u00f6nbacher-Frischenschlager<\/a> (Installation: Metallst\u00e4be, Keramik, Plexiglas) \u00d6 2009, GARTENH\u00dcTERIN 2012, PORTRAIT OF A LADY 2014<\/p>\n<div id=\"attachment_768\" style=\"width: 2416px\" class=\"wp-caption alignnone\"><img loading=\"lazy\" decoding=\"async\" aria-describedby=\"caption-attachment-768\" class=\"wp-image-768 size-full\" src=\"https:\/\/kunstgarten.at\/wp-content\/uploads\/2016\/02\/IMG_1770.jpg\" alt=\"Rosen &amp; Rittersporn mit Ferdinand Penker HOMMAGE TO THE WEED\" width=\"2406\" height=\"1648\" srcset=\"https:\/\/kunstgarten.at\/wp-content\/uploads\/2016\/02\/IMG_1770.jpg 2406w, https:\/\/kunstgarten.at\/wp-content\/uploads\/2016\/02\/IMG_1770-400x274.jpg 400w, https:\/\/kunstgarten.at\/wp-content\/uploads\/2016\/02\/IMG_1770-1024x701.jpg 1024w, https:\/\/kunstgarten.at\/wp-content\/uploads\/2016\/02\/IMG_1770-185x127.jpg 185w\" sizes=\"auto, (max-width: 2406px) 100vw, 2406px\" \/><p id=\"caption-attachment-768\" class=\"wp-caption-text\">Rosen &amp; Rittersporn mit Ferdinand Penker <a href=\"https:\/\/www.youtube.com\/watch?v=ervKHojJevQ\">HOMMAGE TO THE WEED<\/a><\/p><\/div>\n<p><a href=\"http:\/\/www.galerie-schafschetzy.com\/kuenstler\/penker\/bio.html\" target=\"_blank\" rel=\"noopener noreferrer\">Ferdinand Penker<\/a><a href=\"http:\/\/vimeo.com\/user729505\" target=\"_blank\" rel=\"noopener noreferrer\"> A, HOMMAGE AN DAS UNKRAUT<\/a>,\u00a02009 (Installation)<\/p>\n<div id=\"attachment_1244\" style=\"width: 3898px\" class=\"wp-caption alignleft\"><img loading=\"lazy\" decoding=\"async\" aria-describedby=\"caption-attachment-1244\" class=\"size-full wp-image-1244\" src=\"https:\/\/kunstgarten.at\/wp-content\/uploads\/2016\/02\/IN-DIE-WELT-AUS-MIR-IMG_4659-1.jpg\" alt=\"\" width=\"3888\" height=\"2592\" srcset=\"https:\/\/kunstgarten.at\/wp-content\/uploads\/2016\/02\/IN-DIE-WELT-AUS-MIR-IMG_4659-1.jpg 3888w, https:\/\/kunstgarten.at\/wp-content\/uploads\/2016\/02\/IN-DIE-WELT-AUS-MIR-IMG_4659-1-400x267.jpg 400w, https:\/\/kunstgarten.at\/wp-content\/uploads\/2016\/02\/IN-DIE-WELT-AUS-MIR-IMG_4659-1-1024x683.jpg 1024w, https:\/\/kunstgarten.at\/wp-content\/uploads\/2016\/02\/IN-DIE-WELT-AUS-MIR-IMG_4659-1-1035x690.jpg 1035w, https:\/\/kunstgarten.at\/wp-content\/uploads\/2016\/02\/IN-DIE-WELT-AUS-MIR-IMG_4659-1-185x123.jpg 185w\" sizes=\"auto, (max-width: 3888px) 100vw, 3888px\" \/><p id=\"caption-attachment-1244\" class=\"wp-caption-text\">Links Lore Heuermann Foto-Prints, rechts TRIPTYCHON von Heinz Trenczak<\/p><\/div>\n<p><a href=\"http:\/\/www.loreheuermann.at\/index.html\" target=\"_blank\" rel=\"noopener noreferrer\">Lore Heuermann<\/a> D\/A, \u00a0IN DIE WELT:AUS MIR,2009 (Menschenalphabet-Installation),<\/p>\n<div id=\"attachment_848\" style=\"width: 1290px\" class=\"wp-caption alignnone\"><img loading=\"lazy\" decoding=\"async\" aria-describedby=\"caption-attachment-848\" class=\"wp-image-848 size-full\" src=\"https:\/\/kunstgarten.at\/wp-content\/uploads\/2016\/02\/BEWEGUNG-IM-WANDEL_IMG_3449.jpeg\" alt=\"Lore Heuermann_BEWEGUNG IM WANDEL \" width=\"1280\" height=\"960\" srcset=\"https:\/\/kunstgarten.at\/wp-content\/uploads\/2016\/02\/BEWEGUNG-IM-WANDEL_IMG_3449.jpeg 1280w, https:\/\/kunstgarten.at\/wp-content\/uploads\/2016\/02\/BEWEGUNG-IM-WANDEL_IMG_3449-225x170.jpeg 225w, https:\/\/kunstgarten.at\/wp-content\/uploads\/2016\/02\/BEWEGUNG-IM-WANDEL_IMG_3449-400x300.jpeg 400w, https:\/\/kunstgarten.at\/wp-content\/uploads\/2016\/02\/BEWEGUNG-IM-WANDEL_IMG_3449-1024x768.jpeg 1024w, https:\/\/kunstgarten.at\/wp-content\/uploads\/2016\/02\/BEWEGUNG-IM-WANDEL_IMG_3449-185x139.jpeg 185w\" sizes=\"auto, (max-width: 1280px) 100vw, 1280px\" \/><p id=\"caption-attachment-848\" class=\"wp-caption-text\">Lore Heuermann_BEWEGUNG IM WANDEL und davor K\u00c4FIG (Gerhard Raab)<\/p><\/div>\n<p>BEWEGUNG IM WANDEL 2014<\/p>\n<div id=\"attachment_975\" style=\"width: 1432px\" class=\"wp-caption alignnone\"><img loading=\"lazy\" decoding=\"async\" aria-describedby=\"caption-attachment-975\" class=\"wp-image-975 size-full\" src=\"https:\/\/kunstgarten.at\/wp-content\/uploads\/2016\/02\/Gabi-Berger-Geba\u0308rdensprache-DSCN5097.jpg\" alt=\"Gabi Berger GEB\u00c4RDENSPRACHE, 2008\" width=\"1422\" height=\"1294\" srcset=\"https:\/\/kunstgarten.at\/wp-content\/uploads\/2016\/02\/Gabi-Berger-Geba\u0308rdensprache-DSCN5097.jpg 1422w, https:\/\/kunstgarten.at\/wp-content\/uploads\/2016\/02\/Gabi-Berger-Geba\u0308rdensprache-DSCN5097-400x364.jpg 400w, https:\/\/kunstgarten.at\/wp-content\/uploads\/2016\/02\/Gabi-Berger-Geba\u0308rdensprache-DSCN5097-1024x932.jpg 1024w, https:\/\/kunstgarten.at\/wp-content\/uploads\/2016\/02\/Gabi-Berger-Geba\u0308rdensprache-DSCN5097-185x168.jpg 185w\" sizes=\"auto, (max-width: 1422px) 100vw, 1422px\" \/><p id=\"caption-attachment-975\" class=\"wp-caption-text\">Gabi Berger GEB\u00c4RDENSPRACHE, 2008<\/p><\/div>\n<p><a href=\"http:\/\/www.kulturhaus-bruckmuehle.at\/?id=568&amp;event=445\" target=\"_blank\" rel=\"noopener noreferrer\">Gabriele Berger<\/a> A,\u00a0 GEB\u00c4RDENSPRACHE, 2008 (Keramik)<\/p>\n<div id=\"attachment_1281\" style=\"width: 3274px\" class=\"wp-caption alignleft\"><img loading=\"lazy\" decoding=\"async\" aria-describedby=\"caption-attachment-1281\" class=\"wp-image-1281 size-full\" src=\"https:\/\/kunstgarten.at\/wp-content\/uploads\/2016\/02\/IMG_6104.jpg\" alt=\"KRAUTBALL im Februar 2016\" width=\"3264\" height=\"2448\" srcset=\"https:\/\/kunstgarten.at\/wp-content\/uploads\/2016\/02\/IMG_6104.jpg 3264w, https:\/\/kunstgarten.at\/wp-content\/uploads\/2016\/02\/IMG_6104-225x170.jpg 225w, https:\/\/kunstgarten.at\/wp-content\/uploads\/2016\/02\/IMG_6104-400x300.jpg 400w, https:\/\/kunstgarten.at\/wp-content\/uploads\/2016\/02\/IMG_6104-1024x768.jpg 1024w, https:\/\/kunstgarten.at\/wp-content\/uploads\/2016\/02\/IMG_6104-185x139.jpg 185w\" sizes=\"auto, (max-width: 3264px) 100vw, 3264px\" \/><p id=\"caption-attachment-1281\" class=\"wp-caption-text\">KRAUTBALL im Februar 2016<\/p><\/div>\n<p><a href=\"http:\/\/www.artvillage.at\/anton_s.frick\/index.cfm\" target=\"_blank\" rel=\"noopener noreferrer\">Anton S. Frick<\/a> A, KRAUTBALL,\u00a02007, Bronze<\/p>\n<div id=\"attachment_832\" style=\"width: 3283px\" class=\"wp-caption alignnone\"><img loading=\"lazy\" decoding=\"async\" aria-describedby=\"caption-attachment-832\" class=\"size-full wp-image-832\" src=\"http:\/\/kunstgarten.weblog.mur.at\/kunstgarten\/uploads\/2016\/02\/Gedankenleiter-und-Mondial-20100117_1435_4.jpg\" alt=\"J\u00fcrgen Rajh_DER GEDANKENLEITER, Anna Gerlitz-Ottitsch MONDIAL\" width=\"3273\" height=\"2584\" srcset=\"https:\/\/kunstgarten.at\/wp-content\/uploads\/2016\/02\/Gedankenleiter-und-Mondial-20100117_1435_4.jpg 3273w, https:\/\/kunstgarten.at\/wp-content\/uploads\/2016\/02\/Gedankenleiter-und-Mondial-20100117_1435_4-400x316.jpg 400w, https:\/\/kunstgarten.at\/wp-content\/uploads\/2016\/02\/Gedankenleiter-und-Mondial-20100117_1435_4-1024x808.jpg 1024w, https:\/\/kunstgarten.at\/wp-content\/uploads\/2016\/02\/Gedankenleiter-und-Mondial-20100117_1435_4-185x146.jpg 185w\" sizes=\"auto, (max-width: 3273px) 100vw, 3273px\" \/><p id=\"caption-attachment-832\" class=\"wp-caption-text\">J\u00fcrgen Rajh_DER GEDANKENLEITER, Anna Gerlitz-Ottitsch MONDIAL<\/p><\/div>\n<p><a href=\"http:\/\/www.keramik.cc\" target=\"_blank\" rel=\"noopener noreferrer\">J\u00fcrgen Raih<\/a>\u00a0 A, DER GEDANKENLEITER,\u00a02009, Installation<\/p>\n<div id=\"attachment_892\" style=\"width: 3274px\" class=\"wp-caption alignnone\"><img loading=\"lazy\" decoding=\"async\" aria-describedby=\"caption-attachment-892\" class=\"wp-image-892 size-full\" src=\"https:\/\/kunstgarten.at\/wp-content\/uploads\/2016\/02\/IMG_6027.jpg\" alt=\"Irmi Horn_TRIADE &amp; Hamamelisbl\u00fcte im Feber\" width=\"3264\" height=\"2448\" srcset=\"https:\/\/kunstgarten.at\/wp-content\/uploads\/2016\/02\/IMG_6027.jpg 3264w, https:\/\/kunstgarten.at\/wp-content\/uploads\/2016\/02\/IMG_6027-225x170.jpg 225w, https:\/\/kunstgarten.at\/wp-content\/uploads\/2016\/02\/IMG_6027-400x300.jpg 400w, https:\/\/kunstgarten.at\/wp-content\/uploads\/2016\/02\/IMG_6027-1024x768.jpg 1024w, https:\/\/kunstgarten.at\/wp-content\/uploads\/2016\/02\/IMG_6027-185x139.jpg 185w\" sizes=\"auto, (max-width: 3264px) 100vw, 3264px\" \/><p id=\"caption-attachment-892\" class=\"wp-caption-text\">Irmi Horn_TRIADE &amp; Hamamelisbl\u00fcte im Feber<\/p><\/div>\n<p>TRIADE, Irmi Horn A, 2008, Installation<\/p>\n<div id=\"attachment_898\" style=\"width: 2276px\" class=\"wp-caption alignnone\"><img loading=\"lazy\" decoding=\"async\" aria-describedby=\"caption-attachment-898\" class=\"wp-image-898 size-full\" src=\"https:\/\/kunstgarten.at\/wp-content\/uploads\/2016\/02\/IMG_3871.jpg\" alt=\"Gerhard Raab K\u00c4FIG, 2014 vor Lore Heuermann BEWEGUNG IM WANDEL\" width=\"2266\" height=\"1898\" srcset=\"https:\/\/kunstgarten.at\/wp-content\/uploads\/2016\/02\/IMG_3871.jpg 2266w, https:\/\/kunstgarten.at\/wp-content\/uploads\/2016\/02\/IMG_3871-400x335.jpg 400w, https:\/\/kunstgarten.at\/wp-content\/uploads\/2016\/02\/IMG_3871-1024x858.jpg 1024w, https:\/\/kunstgarten.at\/wp-content\/uploads\/2016\/02\/IMG_3871-185x155.jpg 185w\" sizes=\"auto, (max-width: 2266px) 100vw, 2266px\" \/><p id=\"caption-attachment-898\" class=\"wp-caption-text\">Gerhard Raab K\u00c4FIG, 2014 vor Lore Heuermann BEWEGUNG IM WANDEL<\/p><\/div>\n<p><a href=\"http:\/\/gerhardraab.com\/\" target=\"_blank\" rel=\"noopener noreferrer\">Gerhard Raab<\/a> A, SCHOSS und BILD aus der Serie der Schablonagen 2009, DOPPELQUADER 2014, FIGUR und ZEICHNUNG, K\u00c4FIG 2014<\/p>\n<div id=\"attachment_881\" style=\"width: 3274px\" class=\"wp-caption alignnone\"><img loading=\"lazy\" decoding=\"async\" aria-describedby=\"caption-attachment-881\" class=\"wp-image-881 size-full\" src=\"https:\/\/kunstgarten.at\/wp-content\/uploads\/2016\/02\/CASCATA-FOSSILE-SCHEIBENHONIG-SCHNEE-IMG_3461.jpg\" alt=\"Francesca Cataldi_CASCATA FOSSILE im Schnee, dahinter Alfred Resch SCHEIBENHONIG\" width=\"3264\" height=\"2448\" srcset=\"https:\/\/kunstgarten.at\/wp-content\/uploads\/2016\/02\/CASCATA-FOSSILE-SCHEIBENHONIG-SCHNEE-IMG_3461.jpg 3264w, https:\/\/kunstgarten.at\/wp-content\/uploads\/2016\/02\/CASCATA-FOSSILE-SCHEIBENHONIG-SCHNEE-IMG_3461-225x170.jpg 225w, https:\/\/kunstgarten.at\/wp-content\/uploads\/2016\/02\/CASCATA-FOSSILE-SCHEIBENHONIG-SCHNEE-IMG_3461-400x300.jpg 400w, https:\/\/kunstgarten.at\/wp-content\/uploads\/2016\/02\/CASCATA-FOSSILE-SCHEIBENHONIG-SCHNEE-IMG_3461-1024x768.jpg 1024w, https:\/\/kunstgarten.at\/wp-content\/uploads\/2016\/02\/CASCATA-FOSSILE-SCHEIBENHONIG-SCHNEE-IMG_3461-185x139.jpg 185w\" sizes=\"auto, (max-width: 3264px) 100vw, 3264px\" \/><p id=\"caption-attachment-881\" class=\"wp-caption-text\">Francesca Cataldi_CASCATA FOSSILE im Schnee, dahinter Alfred Resch SCHEIBENHONIG<\/p><\/div>\n<div id=\"attachment_883\" style=\"width: 863px\" class=\"wp-caption alignnone\"><img loading=\"lazy\" decoding=\"async\" aria-describedby=\"caption-attachment-883\" class=\"wp-image-883 size-full\" src=\"https:\/\/kunstgarten.at\/wp-content\/uploads\/2016\/02\/Francesca-Cataldi-CASCATA-FOSSILE-20100611_2576.jpg\" alt=\"Francesca Cataldi CASCATA FOSSILE, 2011\" width=\"853\" height=\"1280\" srcset=\"https:\/\/kunstgarten.at\/wp-content\/uploads\/2016\/02\/Francesca-Cataldi-CASCATA-FOSSILE-20100611_2576.jpg 853w, https:\/\/kunstgarten.at\/wp-content\/uploads\/2016\/02\/Francesca-Cataldi-CASCATA-FOSSILE-20100611_2576-333x500.jpg 333w, https:\/\/kunstgarten.at\/wp-content\/uploads\/2016\/02\/Francesca-Cataldi-CASCATA-FOSSILE-20100611_2576-682x1024.jpg 682w, https:\/\/kunstgarten.at\/wp-content\/uploads\/2016\/02\/Francesca-Cataldi-CASCATA-FOSSILE-20100611_2576-123x185.jpg 123w\" sizes=\"auto, (max-width: 853px) 100vw, 853px\" \/><p id=\"caption-attachment-883\" class=\"wp-caption-text\">Francesca Cataldi CASCATA FOSSILE<\/p><\/div>\n<p>CASCATA FOSSILE, <a href=\"http:\/\/www.francescacataldi.com\" target=\"_blank\" rel=\"noopener noreferrer\">Francesca Cataldi<\/a>, Installation aus Glas\/Metall, 2010<\/p>\n<div id=\"attachment_1229\" style=\"width: 1994px\" class=\"wp-caption alignleft\"><img loading=\"lazy\" decoding=\"async\" aria-describedby=\"caption-attachment-1229\" class=\"wp-image-1229 size-full\" src=\"https:\/\/kunstgarten.at\/wp-content\/uploads\/2016\/02\/glocken_petrakastner1.jpg\" alt=\"Adrian Buschman_M\u00c4DCHEN MIT ...\" width=\"1984\" height=\"1528\" srcset=\"https:\/\/kunstgarten.at\/wp-content\/uploads\/2016\/02\/glocken_petrakastner1.jpg 1984w, https:\/\/kunstgarten.at\/wp-content\/uploads\/2016\/02\/glocken_petrakastner1-400x308.jpg 400w, https:\/\/kunstgarten.at\/wp-content\/uploads\/2016\/02\/glocken_petrakastner1-1024x789.jpg 1024w, https:\/\/kunstgarten.at\/wp-content\/uploads\/2016\/02\/glocken_petrakastner1-185x142.jpg 185w\" sizes=\"auto, (max-width: 1984px) 100vw, 1984px\" \/><p id=\"caption-attachment-1229\" class=\"wp-caption-text\">Adrian Buschman_M\u00c4DCHEN MIT &#8230;<\/p><\/div>\n<p><a href=\"http:\/\/malgymnastik.blogspot.com\/\" target=\"_blank\" rel=\"noopener noreferrer\">Adrian Buschmann<\/a> PL, M\u00c4DCHEN MIT BALL UND STROHHUT, DIE SACHE MIT DEM HUND, PORTRAIT A.H. \u00a02010, \u00d6l auf BW, 30 x 40 cm<\/p>\n<div id=\"attachment_830\" style=\"width: 2602px\" class=\"wp-caption alignnone\"><img loading=\"lazy\" decoding=\"async\" aria-describedby=\"caption-attachment-830\" class=\"wp-image-830 size-full\" src=\"https:\/\/kunstgarten.at\/wp-content\/uploads\/2016\/02\/50_Swaantje-Gu\u0308ntzel-URBAN-WILD-20110516_5582.jpg\" alt=\"Swaantje G\u00fcntzel, URBAN WILD\" width=\"2592\" height=\"3888\" srcset=\"https:\/\/kunstgarten.at\/wp-content\/uploads\/2016\/02\/50_Swaantje-Gu\u0308ntzel-URBAN-WILD-20110516_5582.jpg 2592w, https:\/\/kunstgarten.at\/wp-content\/uploads\/2016\/02\/50_Swaantje-Gu\u0308ntzel-URBAN-WILD-20110516_5582-333x500.jpg 333w, https:\/\/kunstgarten.at\/wp-content\/uploads\/2016\/02\/50_Swaantje-Gu\u0308ntzel-URBAN-WILD-20110516_5582-683x1024.jpg 683w, https:\/\/kunstgarten.at\/wp-content\/uploads\/2016\/02\/50_Swaantje-Gu\u0308ntzel-URBAN-WILD-20110516_5582-123x185.jpg 123w\" sizes=\"auto, (max-width: 2592px) 100vw, 2592px\" \/><p id=\"caption-attachment-830\" class=\"wp-caption-text\">Swaantje G\u00fcntzel, URBAN WILD<\/p><\/div>\n<p><a href=\"http:\/\/www.swaantje-guentzel.de\/\" target=\"_blank\" rel=\"noopener noreferrer\">Swaantje G\u00fcntzel<\/a>\u00a0D, URBAN WILD, Artist in Residence 2010, Plastik-Installation<\/p>\n<div id=\"attachment_868\" style=\"width: 2602px\" class=\"wp-caption alignnone\"><img loading=\"lazy\" decoding=\"async\" aria-describedby=\"caption-attachment-868\" class=\"wp-image-868 size-full\" src=\"https:\/\/kunstgarten.at\/wp-content\/uploads\/2016\/02\/60_Aljoscha-BIOISM-INVOLVED20110512_5490-e1454773705736.jpg\" alt=\"Aljoscha_BIOISM INVOLVED, 2011\" width=\"2592\" height=\"3888\" srcset=\"https:\/\/kunstgarten.at\/wp-content\/uploads\/2016\/02\/60_Aljoscha-BIOISM-INVOLVED20110512_5490-e1454773705736.jpg 2592w, https:\/\/kunstgarten.at\/wp-content\/uploads\/2016\/02\/60_Aljoscha-BIOISM-INVOLVED20110512_5490-e1454773705736-333x500.jpg 333w, https:\/\/kunstgarten.at\/wp-content\/uploads\/2016\/02\/60_Aljoscha-BIOISM-INVOLVED20110512_5490-e1454773705736-683x1024.jpg 683w, https:\/\/kunstgarten.at\/wp-content\/uploads\/2016\/02\/60_Aljoscha-BIOISM-INVOLVED20110512_5490-e1454773705736-123x185.jpg 123w\" sizes=\"auto, (max-width: 2592px) 100vw, 2592px\" \/><p id=\"caption-attachment-868\" class=\"wp-caption-text\">Aljoscha_BIOISM INVOLVED, 2011<\/p><\/div>\n<p><a href=\"http:\/\/www.aljoscha.org\/\" target=\"_blank\" rel=\"noopener noreferrer\">Aljoscha<\/a> D\/R\/UK, BIOISM INVOLVED, \u00a0Plexiglas-Objekte-Installation, NATURE\u00b4S DANCE, Bleistiftzeichnung &#8211; Artist in Residence 2011<\/p>\n<div id=\"attachment_1075\" style=\"width: 3712px\" class=\"wp-caption alignleft\"><img loading=\"lazy\" decoding=\"async\" aria-describedby=\"caption-attachment-1075\" class=\"wp-image-1075 size-full\" src=\"https:\/\/kunstgarten.at\/wp-content\/uploads\/2016\/02\/96_Agnes-C.-Katschner-DIE-ORDNUNG-DER-DINGE-Gertrude-Moser-Wagner-NISTEN-20131007_9999_2-Arbeitskopie-5.jpg\" alt=\"Agnes C. Katschner_DIE ORDNUNG DER DINGE, Projekt Ortwein, University of Mariboer, kunstGarten 2013\" width=\"3702\" height=\"1756\" srcset=\"https:\/\/kunstgarten.at\/wp-content\/uploads\/2016\/02\/96_Agnes-C.-Katschner-DIE-ORDNUNG-DER-DINGE-Gertrude-Moser-Wagner-NISTEN-20131007_9999_2-Arbeitskopie-5.jpg 3702w, https:\/\/kunstgarten.at\/wp-content\/uploads\/2016\/02\/96_Agnes-C.-Katschner-DIE-ORDNUNG-DER-DINGE-Gertrude-Moser-Wagner-NISTEN-20131007_9999_2-Arbeitskopie-5-400x190.jpg 400w, https:\/\/kunstgarten.at\/wp-content\/uploads\/2016\/02\/96_Agnes-C.-Katschner-DIE-ORDNUNG-DER-DINGE-Gertrude-Moser-Wagner-NISTEN-20131007_9999_2-Arbeitskopie-5-1024x486.jpg 1024w, https:\/\/kunstgarten.at\/wp-content\/uploads\/2016\/02\/96_Agnes-C.-Katschner-DIE-ORDNUNG-DER-DINGE-Gertrude-Moser-Wagner-NISTEN-20131007_9999_2-Arbeitskopie-5-185x88.jpg 185w\" sizes=\"auto, (max-width: 3702px) 100vw, 3702px\" \/><p id=\"caption-attachment-1075\" class=\"wp-caption-text\">Agnes C. Katschner_DIE ORDNUNG DER DINGE, Projekt Ortwein, University of Maribor, kunstGarten 2013<\/p><\/div>\n<p>&nbsp;<\/p>\n<p>&nbsp;<\/p>\n<p>&nbsp;<\/p>\n<p>&nbsp;<\/p>\n<p>&nbsp;<\/p>\n<div id=\"attachment_1301\" style=\"width: 2530px\" class=\"wp-caption alignleft\"><img loading=\"lazy\" decoding=\"async\" aria-describedby=\"caption-attachment-1301\" class=\"wp-image-1301 size-full\" src=\"https:\/\/kunstgarten.at\/wp-content\/uploads\/2016\/02\/20111004_7063_RAAB-_Scho\u00df1.jpg\" alt=\"Gerhard Raab, DER SCHOSS, 2006\" width=\"2520\" height=\"3780\" srcset=\"https:\/\/kunstgarten.at\/wp-content\/uploads\/2016\/02\/20111004_7063_RAAB-_Scho\u00df1.jpg 2520w, https:\/\/kunstgarten.at\/wp-content\/uploads\/2016\/02\/20111004_7063_RAAB-_Scho\u00df1-333x500.jpg 333w, https:\/\/kunstgarten.at\/wp-content\/uploads\/2016\/02\/20111004_7063_RAAB-_Scho\u00df1-683x1024.jpg 683w, https:\/\/kunstgarten.at\/wp-content\/uploads\/2016\/02\/20111004_7063_RAAB-_Scho\u00df1-123x185.jpg 123w\" sizes=\"auto, (max-width: 2520px) 100vw, 2520px\" \/><p id=\"caption-attachment-1301\" class=\"wp-caption-text\">Gerhard Raab, DER SCHOSS, 2006<\/p><\/div>\n<div id=\"attachment_1302\" style=\"width: 733px\" class=\"wp-caption alignleft\"><img loading=\"lazy\" decoding=\"async\" aria-describedby=\"caption-attachment-1302\" class=\"wp-image-1302 size-full\" src=\"https:\/\/kunstgarten.at\/wp-content\/uploads\/2016\/02\/Paula-Muhr-IMG_1891.jpg\" alt=\"Paula Muhr, K\u00dcSSCHEN\" width=\"723\" height=\"350\" srcset=\"https:\/\/kunstgarten.at\/wp-content\/uploads\/2016\/02\/Paula-Muhr-IMG_1891.jpg 723w, https:\/\/kunstgarten.at\/wp-content\/uploads\/2016\/02\/Paula-Muhr-IMG_1891-400x194.jpg 400w, https:\/\/kunstgarten.at\/wp-content\/uploads\/2016\/02\/Paula-Muhr-IMG_1891-185x90.jpg 185w\" sizes=\"auto, (max-width: 723px) 100vw, 723px\" \/><p id=\"caption-attachment-1302\" class=\"wp-caption-text\">Paula Muhr, K\u00dcSSCHEN, 2009<\/p><\/div>\n<div id=\"attachment_3796\" style=\"width: 690px\" class=\"wp-caption alignnone\"><img loading=\"lazy\" decoding=\"async\" aria-describedby=\"caption-attachment-3796\" class=\"size-large wp-image-3796\" src=\"http:\/\/kunstgarten.weblog.mur.at\/kunstgarten\/uploads\/2015\/12\/Eva-Pliem_BANANAS_20121008_9999_33-1024x683.jpg\" alt=\"\" width=\"680\" height=\"454\" srcset=\"https:\/\/kunstgarten.at\/wp-content\/uploads\/2015\/12\/Eva-Pliem_BANANAS_20121008_9999_33-1024x683.jpg 1024w, https:\/\/kunstgarten.at\/wp-content\/uploads\/2015\/12\/Eva-Pliem_BANANAS_20121008_9999_33-400x267.jpg 400w, https:\/\/kunstgarten.at\/wp-content\/uploads\/2015\/12\/Eva-Pliem_BANANAS_20121008_9999_33-768x512.jpg 768w, https:\/\/kunstgarten.at\/wp-content\/uploads\/2015\/12\/Eva-Pliem_BANANAS_20121008_9999_33-1035x690.jpg 1035w, https:\/\/kunstgarten.at\/wp-content\/uploads\/2015\/12\/Eva-Pliem_BANANAS_20121008_9999_33-185x123.jpg 185w\" sizes=\"auto, (max-width: 680px) 100vw, 680px\" \/><p id=\"caption-attachment-3796\" class=\"wp-caption-text\">Eva Pliem BANANAS 2011<\/p><\/div>\n<div id=\"attachment_3796\" style=\"width: 3898px\" class=\"wp-caption alignleft\"><img loading=\"lazy\" decoding=\"async\" aria-describedby=\"caption-attachment-3796\" class=\"size-full wp-image-3796\" src=\"https:\/\/kunstgarten.at\/wp-content\/uploads\/2015\/12\/Eva-Pliem_BANANAS_20121008_9999_33.jpg\" alt=\"\" width=\"3888\" height=\"2592\" srcset=\"https:\/\/kunstgarten.at\/wp-content\/uploads\/2015\/12\/Eva-Pliem_BANANAS_20121008_9999_33.jpg 3888w, https:\/\/kunstgarten.at\/wp-content\/uploads\/2015\/12\/Eva-Pliem_BANANAS_20121008_9999_33-400x267.jpg 400w, https:\/\/kunstgarten.at\/wp-content\/uploads\/2015\/12\/Eva-Pliem_BANANAS_20121008_9999_33-768x512.jpg 768w, https:\/\/kunstgarten.at\/wp-content\/uploads\/2015\/12\/Eva-Pliem_BANANAS_20121008_9999_33-1024x683.jpg 1024w, https:\/\/kunstgarten.at\/wp-content\/uploads\/2015\/12\/Eva-Pliem_BANANAS_20121008_9999_33-1035x690.jpg 1035w, https:\/\/kunstgarten.at\/wp-content\/uploads\/2015\/12\/Eva-Pliem_BANANAS_20121008_9999_33-185x123.jpg 185w\" sizes=\"auto, (max-width: 3888px) 100vw, 3888px\" \/><p id=\"caption-attachment-3796\" class=\"wp-caption-text\">Eva Pliem BANANAS 2011<\/p><\/div>\n<p>&nbsp;<\/p>\n<p>BANANAS TALK, Vorhang-Installation, <a href=\"http:\/\/www.pliem.com\/%E2%80%8E\" target=\"_blank\" rel=\"noopener noreferrer\">Eva Pliem<\/a> 2012<br \/>\nROSE PICTURES, Bild-Installation, <a href=\"http:\/\/www.trevorsutton.com\" target=\"_blank\" rel=\"noopener noreferrer\">Trevor Sutton<\/a>, Artist in Residence 2012<br \/>\nNETZE, Raumnetz-Installationen, <a href=\"http:\/\/www.carolrobertson.net\" target=\"_blank\" rel=\"noopener noreferrer\">Carol Robertson<\/a>, Artist in Residence 2012<br \/>\nGARDEN VIEWS, \u00d6lbilder, <a href=\"http:\/\/www.kathrinsiegl.com\/siegl.html\" target=\"_blank\" rel=\"noopener noreferrer\">Kathrin Siegl<\/a>, Artist in Residence 2012\/13<br \/>\nDAR\u00dcBER HINAUS, Sound-Installation, <a href=\"http:\/\/www.oppel.at\/%E2%80%8E\" target=\"_blank\" rel=\"noopener noreferrer\">Clara Oppel<\/a> 2013<br \/>\nH\u00d6LZERNE FR\u00dcCHTE, Sound-Installation, <a href=\"http:\/\/www.grenzartikel.com\/\" target=\"_blank\" rel=\"noopener noreferrer\">Stefanie Wuschitz<\/a> 2013 &#8211; dem folgenden Winter zum Opfer gefallen<\/p>\n<div id=\"attachment_872\" style=\"width: 1290px\" class=\"wp-caption alignnone\"><img loading=\"lazy\" decoding=\"async\" aria-describedby=\"caption-attachment-872\" class=\"wp-image-872 size-full\" src=\"https:\/\/kunstgarten.at\/wp-content\/uploads\/2016\/02\/20130802_9999_7.jpg\" alt=\"Alexandra Gschiel DA VORHANG, 2014\" width=\"1280\" height=\"919\" srcset=\"https:\/\/kunstgarten.at\/wp-content\/uploads\/2016\/02\/20130802_9999_7.jpg 1280w, https:\/\/kunstgarten.at\/wp-content\/uploads\/2016\/02\/20130802_9999_7-400x287.jpg 400w, https:\/\/kunstgarten.at\/wp-content\/uploads\/2016\/02\/20130802_9999_7-1024x735.jpg 1024w, https:\/\/kunstgarten.at\/wp-content\/uploads\/2016\/02\/20130802_9999_7-185x133.jpg 185w\" sizes=\"auto, (max-width: 1280px) 100vw, 1280px\" \/><p id=\"caption-attachment-872\" class=\"wp-caption-text\">Alexandra Gschiel DA VORHANG, 2014<\/p><\/div>\n<p>DA VORHANG, Vorhang-Installation, EVA-Kost\u00fcm, Alexandra Gschiel 2013<\/p>\n<div id=\"attachment_821\" style=\"width: 3274px\" class=\"wp-caption alignnone\"><img loading=\"lazy\" decoding=\"async\" aria-describedby=\"caption-attachment-821\" class=\"wp-image-821 size-full\" src=\"https:\/\/kunstgarten.at\/wp-content\/uploads\/2016\/02\/MASSIV_IMG_0643.jpg\" alt=\"Crista Brandstaetter MASSIV, 2013\" width=\"3264\" height=\"2448\" srcset=\"https:\/\/kunstgarten.at\/wp-content\/uploads\/2016\/02\/MASSIV_IMG_0643.jpg 3264w, https:\/\/kunstgarten.at\/wp-content\/uploads\/2016\/02\/MASSIV_IMG_0643-225x170.jpg 225w, https:\/\/kunstgarten.at\/wp-content\/uploads\/2016\/02\/MASSIV_IMG_0643-400x300.jpg 400w, https:\/\/kunstgarten.at\/wp-content\/uploads\/2016\/02\/MASSIV_IMG_0643-1024x768.jpg 1024w, https:\/\/kunstgarten.at\/wp-content\/uploads\/2016\/02\/MASSIV_IMG_0643-185x139.jpg 185w\" sizes=\"auto, (max-width: 3264px) 100vw, 3264px\" \/><p id=\"caption-attachment-821\" class=\"wp-caption-text\">Crista Brandstaetter MASSIV, 2013<\/p><\/div>\n<p>MASSIV, Stahlplatte, <a href=\"http:\/\/www.crista-brandstaetter.at\/\" target=\"_blank\" rel=\"noopener noreferrer\">Crista Brandstaetter<\/a> 2013<\/p>\n<div id=\"attachment_777\" style=\"width: 1290px\" class=\"wp-caption alignnone\"><img loading=\"lazy\" decoding=\"async\" aria-describedby=\"caption-attachment-777\" class=\"wp-image-777 size-full\" src=\"https:\/\/kunstgarten.at\/wp-content\/uploads\/2016\/02\/IMG_0769.jpg\" alt=\"NISTEN, Gertrude Moser-Wagner\" width=\"1280\" height=\"960\" srcset=\"https:\/\/kunstgarten.at\/wp-content\/uploads\/2016\/02\/IMG_0769.jpg 1280w, https:\/\/kunstgarten.at\/wp-content\/uploads\/2016\/02\/IMG_0769-225x170.jpg 225w, https:\/\/kunstgarten.at\/wp-content\/uploads\/2016\/02\/IMG_0769-400x300.jpg 400w, https:\/\/kunstgarten.at\/wp-content\/uploads\/2016\/02\/IMG_0769-1024x768.jpg 1024w, https:\/\/kunstgarten.at\/wp-content\/uploads\/2016\/02\/IMG_0769-185x139.jpg 185w\" sizes=\"auto, (max-width: 1280px) 100vw, 1280px\" \/><p id=\"caption-attachment-777\" class=\"wp-caption-text\">NISTEN, Gertrude Moser-Wagner<\/p><\/div>\n<p>NISTEN, Gertrude-Moser Wagner 2013, Leuchtschriftinstallation<\/p>\n<div id=\"attachment_855\" style=\"width: 1163px\" class=\"wp-caption alignnone\"><img loading=\"lazy\" decoding=\"async\" aria-describedby=\"caption-attachment-855\" class=\"wp-image-855 size-full\" src=\"https:\/\/kunstgarten.at\/wp-content\/uploads\/2016\/02\/L1040763-Terror.Error_.jpg\" alt=\"L1040763 Terror.Error\" width=\"1153\" height=\"819\" srcset=\"https:\/\/kunstgarten.at\/wp-content\/uploads\/2016\/02\/L1040763-Terror.Error_.jpg 1153w, https:\/\/kunstgarten.at\/wp-content\/uploads\/2016\/02\/L1040763-Terror.Error_-400x284.jpg 400w, https:\/\/kunstgarten.at\/wp-content\/uploads\/2016\/02\/L1040763-Terror.Error_-1024x727.jpg 1024w, https:\/\/kunstgarten.at\/wp-content\/uploads\/2016\/02\/L1040763-Terror.Error_-185x131.jpg 185w\" sizes=\"auto, (max-width: 1153px) 100vw, 1153px\" \/><p id=\"caption-attachment-855\" class=\"wp-caption-text\">Erwin M. Posarnig_ERROR TERROR 2015<\/p><\/div>\n<p>ERROR TERROR\u00a0 Erwin Stefanie Posarnig\u00a0 2014<\/p>\n<div id=\"attachment_1254\" style=\"width: 1290px\" class=\"wp-caption alignleft\"><img loading=\"lazy\" decoding=\"async\" aria-describedby=\"caption-attachment-1254\" class=\"size-full wp-image-1254\" src=\"https:\/\/kunstgarten.at\/wp-content\/uploads\/2016\/02\/20100817_3813_2_2.jpg\" alt=\"\" width=\"1280\" height=\"629\" srcset=\"https:\/\/kunstgarten.at\/wp-content\/uploads\/2016\/02\/20100817_3813_2_2.jpg 1280w, https:\/\/kunstgarten.at\/wp-content\/uploads\/2016\/02\/20100817_3813_2_2-400x197.jpg 400w, https:\/\/kunstgarten.at\/wp-content\/uploads\/2016\/02\/20100817_3813_2_2-1024x503.jpg 1024w, https:\/\/kunstgarten.at\/wp-content\/uploads\/2016\/02\/20100817_3813_2_2-185x91.jpg 185w\" sizes=\"auto, (max-width: 1280px) 100vw, 1280px\" \/><p id=\"caption-attachment-1254\" class=\"wp-caption-text\">J\u00fcrgen Schiefer, KLARTRAUM ODER DIE LINIE DES BEWUSSTSEINS, 2010, KeramikZylinder<\/p><\/div>\n<p>J\u00fcrgen Schiefer_KLARTRAUM ODER DIE LINIE DES BEWUSSTSEINS, 2010. Ein Zylinder ist uns erhalten geblieben, Er steht in der Bibliothek.<\/p>\n<div id=\"attachment_925\" style=\"width: 908px\" class=\"wp-caption alignnone\"><img loading=\"lazy\" decoding=\"async\" aria-describedby=\"caption-attachment-925\" class=\"wp-image-925 size-full\" src=\"https:\/\/kunstgarten.at\/wp-content\/uploads\/2016\/02\/Robertson_Kammerhofer_20121124_9999_4.jpg\" alt=\"Christian KRI Kammerhofer_o. T.\" width=\"898\" height=\"1280\" srcset=\"https:\/\/kunstgarten.at\/wp-content\/uploads\/2016\/02\/Robertson_Kammerhofer_20121124_9999_4.jpg 898w, https:\/\/kunstgarten.at\/wp-content\/uploads\/2016\/02\/Robertson_Kammerhofer_20121124_9999_4-351x500.jpg 351w, https:\/\/kunstgarten.at\/wp-content\/uploads\/2016\/02\/Robertson_Kammerhofer_20121124_9999_4-718x1024.jpg 718w, https:\/\/kunstgarten.at\/wp-content\/uploads\/2016\/02\/Robertson_Kammerhofer_20121124_9999_4-130x185.jpg 130w\" sizes=\"auto, (max-width: 898px) 100vw, 898px\" \/><p id=\"caption-attachment-925\" class=\"wp-caption-text\">Christian KRI Kammerhofer_o. T.<\/p><\/div>\n<p>O.T. Installation Christian Kri Kammerhofer<\/p>\n<div id=\"attachment_1091\" style=\"width: 2247px\" class=\"wp-caption alignleft\"><img loading=\"lazy\" decoding=\"async\" aria-describedby=\"caption-attachment-1091\" class=\"wp-image-1091 size-full\" src=\"https:\/\/kunstgarten.at\/wp-content\/uploads\/2016\/02\/IMG_1515-Arbeitskopie-2.jpg\" alt=\"Arne Rautenberg_THE BREATH OF HOKUSEI, 2014\" width=\"2237\" height=\"1496\" srcset=\"https:\/\/kunstgarten.at\/wp-content\/uploads\/2016\/02\/IMG_1515-Arbeitskopie-2.jpg 2237w, https:\/\/kunstgarten.at\/wp-content\/uploads\/2016\/02\/IMG_1515-Arbeitskopie-2-400x268.jpg 400w, https:\/\/kunstgarten.at\/wp-content\/uploads\/2016\/02\/IMG_1515-Arbeitskopie-2-1024x685.jpg 1024w, https:\/\/kunstgarten.at\/wp-content\/uploads\/2016\/02\/IMG_1515-Arbeitskopie-2-185x124.jpg 185w\" sizes=\"auto, (max-width: 2237px) 100vw, 2237px\" \/><p id=\"caption-attachment-1091\" class=\"wp-caption-text\">Arne Rautenberg_THE BREATH OF HOKUSEI, 2014<\/p><\/div>\n<p>THE BREATH OF HOKUSAI <a href=\"http:\/\/www.arnerautenberg.de\/\" target=\"_blank\" rel=\"noopener noreferrer\">Arne Rautenberg\u00a0<\/a>\u00a0 2014<\/p>\n<div id=\"attachment_863\" style=\"width: 3201px\" class=\"wp-caption alignnone\"><img loading=\"lazy\" decoding=\"async\" aria-describedby=\"caption-attachment-863\" class=\"wp-image-863 size-full\" src=\"https:\/\/kunstgarten.at\/wp-content\/uploads\/2016\/02\/IMG_2340.jpg\" alt=\"Sandra Brandeis-Crawford_GLOBALIZATION, 2014\" width=\"3191\" height=\"2393\" srcset=\"https:\/\/kunstgarten.at\/wp-content\/uploads\/2016\/02\/IMG_2340.jpg 3191w, https:\/\/kunstgarten.at\/wp-content\/uploads\/2016\/02\/IMG_2340-225x170.jpg 225w, https:\/\/kunstgarten.at\/wp-content\/uploads\/2016\/02\/IMG_2340-400x300.jpg 400w, https:\/\/kunstgarten.at\/wp-content\/uploads\/2016\/02\/IMG_2340-1024x768.jpg 1024w, https:\/\/kunstgarten.at\/wp-content\/uploads\/2016\/02\/IMG_2340-185x139.jpg 185w\" sizes=\"auto, (max-width: 3191px) 100vw, 3191px\" \/><p id=\"caption-attachment-863\" class=\"wp-caption-text\">Sandra Brandeis-Crawford_GLOBALIZATION, 2014<\/p><\/div>\n<p>GLOBALIZATION <a href=\"http:\/\/www.brandeis-crawford.com\/\" target=\"_blank\" rel=\"noopener noreferrer\">Sandra Brandeis-Crawford <\/a>2014<\/p>\n<div id=\"attachment_858\" style=\"width: 2114px\" class=\"wp-caption alignnone\"><img loading=\"lazy\" decoding=\"async\" aria-describedby=\"caption-attachment-858\" class=\"wp-image-858 size-full\" src=\"https:\/\/kunstgarten.at\/wp-content\/uploads\/2016\/02\/20140126_9999_2.jpg\" alt=\"Kiki Kogelnik-DER ZEITGEIST, 1992\" width=\"2104\" height=\"2287\" srcset=\"https:\/\/kunstgarten.at\/wp-content\/uploads\/2016\/02\/20140126_9999_2.jpg 2104w, https:\/\/kunstgarten.at\/wp-content\/uploads\/2016\/02\/20140126_9999_2-400x435.jpg 400w, https:\/\/kunstgarten.at\/wp-content\/uploads\/2016\/02\/20140126_9999_2-942x1024.jpg 942w, https:\/\/kunstgarten.at\/wp-content\/uploads\/2016\/02\/20140126_9999_2-170x185.jpg 170w\" sizes=\"auto, (max-width: 2104px) 100vw, 2104px\" \/><p id=\"caption-attachment-858\" class=\"wp-caption-text\">Kiki Kogelnik-DER ZEITGEIST, 1992<\/p><\/div>\n<p>DER ZEITGEIST <a href=\"http:\/\/www.wernerberg.museum\/archiv\/kiki-kogelnik-2010\/kiki-kogelnik-biographie\/\" target=\"_blank\" rel=\"noopener noreferrer\">Kiki Kogelnik<\/a> 1992<br \/>\no.T. <a href=\"http:\/\/www.galerie3.at\/200001\/02archiv\/fian_andrea\/20fianbio.htm\" target=\"_blank\" rel=\"noopener noreferrer\">Andrea Fian<\/a>\u00a0 2015<\/p>\n<div id=\"attachment_806\" style=\"width: 3274px\" class=\"wp-caption alignnone\"><img loading=\"lazy\" decoding=\"async\" aria-describedby=\"caption-attachment-806\" class=\"wp-image-806 size-full\" src=\"https:\/\/kunstgarten.at\/wp-content\/uploads\/2016\/02\/MOORFO\u0308HRE_Safr-Manfred_IMG_5190.jpg\" alt=\"Moorf\u00f6hrenTOTEM_Manfred \u0160afr, 2015\" width=\"3264\" height=\"2448\" srcset=\"https:\/\/kunstgarten.at\/wp-content\/uploads\/2016\/02\/MOORFO\u0308HRE_Safr-Manfred_IMG_5190.jpg 3264w, https:\/\/kunstgarten.at\/wp-content\/uploads\/2016\/02\/MOORFO\u0308HRE_Safr-Manfred_IMG_5190-225x170.jpg 225w, https:\/\/kunstgarten.at\/wp-content\/uploads\/2016\/02\/MOORFO\u0308HRE_Safr-Manfred_IMG_5190-400x300.jpg 400w, https:\/\/kunstgarten.at\/wp-content\/uploads\/2016\/02\/MOORFO\u0308HRE_Safr-Manfred_IMG_5190-1024x768.jpg 1024w, https:\/\/kunstgarten.at\/wp-content\/uploads\/2016\/02\/MOORFO\u0308HRE_Safr-Manfred_IMG_5190-185x139.jpg 185w\" sizes=\"auto, (max-width: 3264px) 100vw, 3264px\" \/><p id=\"caption-attachment-806\" class=\"wp-caption-text\">Moorf\u00f6hrenTOTEM_Manfred \u0160afr, 2015<\/p><\/div>\n<p>MOHRF\u00d6HREN-TOTEM <a href=\"http:\/\/www.safr.at\/\" target=\"_blank\" rel=\"noopener noreferrer\">\u0160afr Manfred<\/a>\u00a0 2015<\/p>\n<div id=\"attachment_865\" style=\"width: 3898px\" class=\"wp-caption alignnone\"><img loading=\"lazy\" decoding=\"async\" aria-describedby=\"caption-attachment-865\" class=\"wp-image-865 size-full\" src=\"https:\/\/kunstgarten.at\/wp-content\/uploads\/2016\/02\/82_Lena-von-Lapschina-RUNDREISE-20120624_9532.jpg\" alt=\"Lena von Lapschina_\u00d6STERREICH RUN\" width=\"3888\" height=\"2592\" srcset=\"https:\/\/kunstgarten.at\/wp-content\/uploads\/2016\/02\/82_Lena-von-Lapschina-RUNDREISE-20120624_9532.jpg 3888w, https:\/\/kunstgarten.at\/wp-content\/uploads\/2016\/02\/82_Lena-von-Lapschina-RUNDREISE-20120624_9532-400x267.jpg 400w, https:\/\/kunstgarten.at\/wp-content\/uploads\/2016\/02\/82_Lena-von-Lapschina-RUNDREISE-20120624_9532-1024x683.jpg 1024w, https:\/\/kunstgarten.at\/wp-content\/uploads\/2016\/02\/82_Lena-von-Lapschina-RUNDREISE-20120624_9532-1035x690.jpg 1035w, https:\/\/kunstgarten.at\/wp-content\/uploads\/2016\/02\/82_Lena-von-Lapschina-RUNDREISE-20120624_9532-185x123.jpg 185w\" sizes=\"auto, (max-width: 3888px) 100vw, 3888px\" \/><p id=\"caption-attachment-865\" class=\"wp-caption-text\">Lena von Lapschina_\u00d6STERREICH RUN<\/p><\/div>\n<p>\u00d6STERREICH-RUNDREISE <a href=\"http:\/\/lapschina.com\/\" target=\"_blank\" rel=\"noopener noreferrer\">Lena von Lapschina<\/a>\u00a0 2012<\/p>\n<div id=\"attachment_870\" style=\"width: 1290px\" class=\"wp-caption alignnone\"><img loading=\"lazy\" decoding=\"async\" aria-describedby=\"caption-attachment-870\" class=\"wp-image-870 size-full\" src=\"https:\/\/kunstgarten.at\/wp-content\/uploads\/2016\/02\/SCHREIN20120608_9198_2_3.jpg\" alt=\"Ingeborg Strobl_SCHREIN, 2012\" width=\"1280\" height=\"1044\" srcset=\"https:\/\/kunstgarten.at\/wp-content\/uploads\/2016\/02\/SCHREIN20120608_9198_2_3.jpg 1280w, https:\/\/kunstgarten.at\/wp-content\/uploads\/2016\/02\/SCHREIN20120608_9198_2_3-400x326.jpg 400w, https:\/\/kunstgarten.at\/wp-content\/uploads\/2016\/02\/SCHREIN20120608_9198_2_3-1024x835.jpg 1024w, https:\/\/kunstgarten.at\/wp-content\/uploads\/2016\/02\/SCHREIN20120608_9198_2_3-185x151.jpg 185w\" sizes=\"auto, (max-width: 1280px) 100vw, 1280px\" \/><p id=\"caption-attachment-870\" class=\"wp-caption-text\">Ingeborg Strobl_SCHREIN, 2012<\/p><\/div>\n<p><a href=\"http:\/\/derstandard.at\/1226396725697\/Ingeborg-Strobl-erhielt-Wuerdigungspreis-fuer-Fotografie-ueberreicht\" target=\"_blank\" rel=\"noopener noreferrer\">Ingeborg Strobl<\/a>\u00a0A, DER SCHREIN \u00a02012 (Ziegelbau von Fa. GRANIT!)<\/p>\n<p><a href=\"http:\/\/www.daginti.com\/beispiel-seite\/\" target=\"_blank\" rel=\"noopener noreferrer\">G\u00fcnter Ranner<\/a>\u00a0A,\u00a0CERAMIC PORTRAIT\u00a02015<\/p>\n<div id=\"attachment_2959\" style=\"width: 295px\" class=\"wp-caption alignnone\"><img loading=\"lazy\" decoding=\"async\" aria-describedby=\"caption-attachment-2959\" class=\" wp-image-2959\" src=\"http:\/\/kunstgarten.weblog.mur.at\/kunstgarten\/uploads\/2015\/12\/HERZALARM_IMG_3195-Arbeitskopie-2-1024x860.jpg\" alt=\"\" width=\"285\" height=\"239\" srcset=\"https:\/\/kunstgarten.at\/wp-content\/uploads\/2015\/12\/HERZALARM_IMG_3195-Arbeitskopie-2-1024x860.jpg 1024w, https:\/\/kunstgarten.at\/wp-content\/uploads\/2015\/12\/HERZALARM_IMG_3195-Arbeitskopie-2-400x336.jpg 400w, https:\/\/kunstgarten.at\/wp-content\/uploads\/2015\/12\/HERZALARM_IMG_3195-Arbeitskopie-2-768x645.jpg 768w, https:\/\/kunstgarten.at\/wp-content\/uploads\/2015\/12\/HERZALARM_IMG_3195-Arbeitskopie-2-185x155.jpg 185w\" sizes=\"auto, (max-width: 285px) 100vw, 285px\" \/><p id=\"caption-attachment-2959\" class=\"wp-caption-text\">HERZALARM 2015, Keyvan Paydar<\/p><\/div>\n<p><a href=\"http:\/\/www.keyvanpaydar.com\">Keyvan Paydar<\/a>, HERZALARM 2015<\/p>\n<h4>Malerei \/ Grafik \/ Fotografie:<\/h4>\n<p><a href=\"http:\/\/web.artprice.com\/classifieds\/fineart\/details.aspx?idstore=0&amp;sh=0&amp;id=619356\" target=\"_blank\" rel=\"noopener noreferrer\">Brigitte Coudrain<\/a> F, <a href=\"http:\/\/www.stevenscottgallery.com\/artists_forrester.html\" target=\"_blank\" rel=\"noopener noreferrer\">Patricia Tobacco Forrester<\/a> USA, Lore Heuermann, <a href=\"http:\/\/www.rebecca-horn.de\/\" target=\"_blank\" rel=\"noopener noreferrer\">Rebecca Horn<\/a> D, <a href=\"http:\/\/www.gat.st\/pages\/de\/nachrichten\/3541.html\" target=\"_blank\" rel=\"noopener noreferrer\">Eva Mohringer<\/a>\u00a0A, <a href=\"http:\/\/www.paulamuhr.de\/\" target=\"_blank\" rel=\"noopener noreferrer\">Paula Muhr <\/a>Serbien\/A, <a href=\"http:\/\/www.kathrinsiegl.com\/siegl.html\" target=\"_blank\" rel=\"noopener noreferrer\">Kathrin Siegl<\/a>\u00a0A, Eva Ursprung A, Werner Augustiner A, <a href=\"http:\/\/www.musikergilde.at\/index.php?cccpage=visitenkarte_ueber_mich_allgemein&amp;set_z_m_inst=0&amp;set_z_m_form=0&amp;set_z_m_data=1074\" target=\"_blank\" rel=\"noopener noreferrer\">Josef F\u00fcrpa\u00df<\/a>\u00a0A, Alfred Graf\u00a0A, <a href=\"http:\/\/www.kulturservice.steiermark.at\/cms\/beitrag\/10821424\/24957487\" target=\"_blank\" rel=\"noopener noreferrer\">Karl Gr\u00fcnling<\/a>\u00a0A, <a href=\"http:\/\/www.konrad-limbeck.com\/\">Konrad Limbeck<\/a> D, <a href=\"http:\/\/www.heribertmichl.at\/\" target=\"_blank\" rel=\"noopener noreferrer\">Heribert Michl<\/a>\u00a0A, <a href=\"http:\/\/www.petermilton.com\/\" target=\"_blank\" rel=\"noopener noreferrer\">Peter W. Milton<\/a> USA, <a href=\"http:\/\/www.boisseree.com\/de\/artists\/Poliakoff\/Poliakoff.html\" target=\"_blank\" rel=\"noopener noreferrer\">Serge Poliakoff<\/a> (R), <a href=\"http:\/\/www.alfred-resch.com\/\">Alfred Resch<\/a>\u00a0A, <a href=\"http:\/\/www.mchampetier.com\/Kumi-Sugai-139-de.html\" target=\"_blank\" rel=\"noopener noreferrer\">Kumi Suga\u00ef <\/a>(J), <a href=\"http:\/\/www.icr.ro\/expo_victor_velculescu\" target=\"_blank\" rel=\"noopener noreferrer\">Victor Velculescu<\/a> RO, <a href=\"http:\/\/www.hilger.at\/832_DE.57833Eb751d1300553ebb0d7e304decdda665228?kuen_id=28&amp;meta_title=Karl%20Korab\" target=\"_blank\" rel=\"noopener noreferrer\">Karl Korab<\/a>\u00a0A, <a href=\"http:\/\/www.prachensky.net\/\" target=\"_blank\" rel=\"noopener noreferrer\">Markus Prachensky <\/a>A\u00a0u. a.<\/p>","protected":false},"excerpt":{"rendered":"<p>INFORMATION Aus organisatorischen Gr\u00fcnden bitten wir um Anmeldung bis sp\u00e4testens 2 Stunden vor Programmbeginn &#8211; bei einer Matin\u00e8e bitte bis zum Vorabend &#8211; unter kunstgarten@mur.at oder +43 316 262787 Kunst Gunter Damisch A, SPITZWELT, 1998 (Bronze-Skulptur) Jakob Gasteiger A, SCHWARZER ALUGUSS, \u00a02004 Renate Kordon A, \u00a0,LICHTWESEN, 2006 (Drahtskulptur) AQUARELL, G\u00fcnther Pedrotti A 2006 (Modell-Installation) Markus&#8230;  <a class=\"excerpt-read-more\" href=\"https:\/\/kunstgarten.at\/en\/sammlung\/kunst\/\" title=\"Read Kunst\">Read more &raquo;<\/a><\/p>\n","protected":false},"author":2,"featured_media":0,"parent":48,"menu_order":0,"comment_status":"closed","ping_status":"closed","template":"page-sammlung.php","meta":{"_links_to":"","_links_to_target":"","footnotes":""},"class_list":["post-54","page","type-page","status-publish","hentry"],"_links":{"self":[{"href":"https:\/\/kunstgarten.at\/en\/wp-json\/wp\/v2\/pages\/54","targetHints":{"allow":["GET"]}}],"collection":[{"href":"https:\/\/kunstgarten.at\/en\/wp-json\/wp\/v2\/pages"}],"about":[{"href":"https:\/\/kunstgarten.at\/en\/wp-json\/wp\/v2\/types\/page"}],"author":[{"embeddable":true,"href":"https:\/\/kunstgarten.at\/en\/wp-json\/wp\/v2\/users\/2"}],"replies":[{"embeddable":true,"href":"https:\/\/kunstgarten.at\/en\/wp-json\/wp\/v2\/comments?post=54"}],"version-history":[{"count":42,"href":"https:\/\/kunstgarten.at\/en\/wp-json\/wp\/v2\/pages\/54\/revisions"}],"predecessor-version":[{"id":8741,"href":"https:\/\/kunstgarten.at\/en\/wp-json\/wp\/v2\/pages\/54\/revisions\/8741"}],"up":[{"embeddable":true,"href":"https:\/\/kunstgarten.at\/en\/wp-json\/wp\/v2\/pages\/48"}],"wp:attachment":[{"href":"https:\/\/kunstgarten.at\/en\/wp-json\/wp\/v2\/media?parent=54"}],"curies":[{"name":"wp","href":"https:\/\/api.w.org\/{rel}","templated":true}]}}