{"id":174,"date":"2015-12-16T18:29:31","date_gmt":"2015-12-16T17:29:31","guid":{"rendered":"http:\/\/web435.webbox333.server-home.org\/dferaenbtw\/?page_id=174"},"modified":"2026-04-26T22:16:02","modified_gmt":"2026-04-26T21:16:02","slug":"permanent","status":"publish","type":"page","link":"https:\/\/kunstgarten.at\/en\/veranstaltungen\/permanent\/","title":{"rendered":"Permanent"},"content":{"rendered":"<p><\/p>\n<h2>ARCHIV HORTOPIA: Art.Garden.Library &amp;<br \/>\nART IN PUBLIC SPACE<\/h2>\n<div class=\"information\">\n<p>&nbsp;<\/p>\n<\/div>\n<h2>Hartmut Skerbisch: <a href=\"https:\/\/www.nomadepicureans.com\/europe\/austria\/street-art-graz\/\">The GARDEN LABYRINTH<\/a>, Payer-Weyprecht-Islands\u00a0 &amp; STREET GALLERY 2019, 2020 etc.<\/h2>\n<p>Art.garden.library\/video library. Opening hours of the annual exhibition and media library: FR 15:30-19:00, SA 15:30-19:00 and daily by appointment. We have cats, allergy sufferers should know! Especially for the INDOORS programme! Subsidy for visit: Euro 1.00; guided tour: \u20ac 7.00. Group \u20ac 3.50 per person. Annual library ticket: \u20ac 10.00 \/ \u20ac 7.00 reduced.<\/p>\n<p>In order to bring art closer to people who are not familiar with culture, kunstGarten will be showing works of contemporary art to all passers-by via the Street Gallery from 2019. The Street Gallery was launched in 2018 with the exhibition ZAUNBILDER by Irmfried Windbichler. This motivated us to continue this public presentation.<\/p>\n<p>The Street Gallery on the fence of kunstGarten &amp; opposite on the * front of the A1 Telekom building (organised by Gerd Woschitz) makes it possible to encounter contemporary art.<\/p>\n<p>&nbsp;<\/p>\n<h4><strong>2019 <\/strong><span style=\"color: #a3d1c7;\"><strong><span class=\"\"><a class=\"\" style=\"color: #a3d1c7;\" href=\"http:\/\/www.carolrobertson.net\/\">Carol Robertson<\/a>,\u00a0<a class=\"\" style=\"color: #a3d1c7;\" href=\"http:\/\/www.trevorsutton.com\/\">Trevor Sutton<\/a>,\u00a0<\/span><a class=\"\" style=\"color: #a3d1c7;\" href=\"https:\/\/www.mutualart.com\/Artist\/Ana-Pecar\/BCB033E99444CEFD\">Ana Pe\u010dar<\/a><span class=\"\">,\u00a0<\/span><span class=\"\"><a class=\"\" style=\"color: #a3d1c7;\" href=\"http:\/\/www.karinpliem.at\/\">Karin Pliem<\/a>,\u00a0<\/span><\/strong><span class=\"\"><strong class=\"\"><a class=\"\" style=\"color: #a3d1c7;\" href=\"http:\/\/www.ida-szigethy.info\/\">Ida Szigethy<\/a>, <a class=\"\" style=\"color: #a3d1c7;\" href=\"https:\/\/www.kleinezeitung.at\/kultur\/kunst\/5624137\/Catrin-Bolt-erhaelt-TheodorKoernerFoerderpreis-2019\">Catrin Bolt<\/a>,\u00a0<\/strong><strong class=\"\"><a class=\"\" style=\"color: #a3d1c7;\" href=\"http:\/\/viktorkroell.com\/\">Viktor Kr\u00f6ll<\/a>,\u00a0<\/strong><\/span><span class=\"\"><u class=\"\">Linda Le Kinff, Gerhard\u00a0<\/u><\/span><span class=\"\"><u class=\"\">Raab, Itzchak Tarkay<\/u><\/span><\/span><\/h4>\n<h4>2020<span style=\"color: #a3d1c7;\"> Elisabeth Gschiel, Stefanie H\u00f6dlmoser, Agnes Katschner, Renate Kordon, ONA B. Josef F\u00fcrpa\u00df, Keyvan Paydar, Annette Philp, Ada Kobusiewicz, Resul Jusufi, Assunta Abdel Azim Mohamed and beginning with October: \u00a0Victor Vasarely, Helga Philipp, Jim Bird, Rudolf Kristoffer <\/span><\/h4>\n<h4><strong>and also the following years &#8230; <\/strong><\/h4>\n<h4><strong>2025<\/strong><\/h4>\n<div id=\"attachment_8529\" style=\"width: 1290px\" class=\"wp-caption alignleft\"><img loading=\"lazy\" decoding=\"async\" aria-describedby=\"caption-attachment-8529\" class=\"size-full wp-image-8529\" src=\"https:\/\/kunstgarten.at\/wp-content\/uploads\/2025\/11\/IMG_4940.jpeg\" alt=\"\" width=\"1280\" height=\"779\" srcset=\"https:\/\/kunstgarten.at\/wp-content\/uploads\/2025\/11\/IMG_4940.jpeg 1280w, https:\/\/kunstgarten.at\/wp-content\/uploads\/2025\/11\/IMG_4940-400x243.jpeg 400w, https:\/\/kunstgarten.at\/wp-content\/uploads\/2025\/11\/IMG_4940-1024x623.jpeg 1024w, https:\/\/kunstgarten.at\/wp-content\/uploads\/2025\/11\/IMG_4940-768x467.jpeg 768w, https:\/\/kunstgarten.at\/wp-content\/uploads\/2025\/11\/IMG_4940-185x113.jpeg 185w\" sizes=\"auto, (max-width: 1280px) 100vw, 1280px\" \/><p id=\"caption-attachment-8529\" class=\"wp-caption-text\">The Human Rights<\/p><\/div>\n<p>ARCHIVE HORTOPIA:Art.Garden.Media Library is kunstGarten\u00b4s museum module including contemporary art: SCULPTURES, INSTALLATIONS, PICTURES in a <a href=\"http:\/\/en.wikipedia.org\/wiki\/Wabi-sabi\" target=\"_blank\" rel=\"noopener noreferrer\">wabi-sabi<\/a>*GARDEN and an indoors GARDEN LIBRARY (more than 4700 books) &amp; VIDEOS. Permanent open: Fr, Sa 15:30 &#8211; 19:00 and daily by appointment.<\/p>\n<h2>Art<\/h2>\n<p>Contemporary Art\u00a0sculptures, installations, pictures\u00a0outoors and indoors:<\/p>\n<div>\n<div>\n<div>\n<div><a href=\"http:\/\/www.ankearmandi.com\/renadde\/index.html\">Renadde-Anke Armandi<\/a>, <a href=\"http:\/\/www.ona-b.com\/\">Ona B.<\/a>, <a href=\"http:\/\/www.gabrieleberger.com\/\">Gabriele Berger<\/a>,\u00a0<a href=\"http:\/\/www.basis-wien.at\/db\/person\/115984;jsessionid=64E6EA8B7F2D65E5C62C3B6570B47AC8\">Sarah Bildstein<\/a>,\u00a0<a href=\"http:\/\/www.crista-brandstaetter.at\/\">Crista Brandstaetter<\/a>,\u00a0<a href=\"http:\/\/www.francescacataldi.com\/\">Francesca Cataldi<\/a>,\u00a0<a href=\"http:\/\/www.luisacelentano.com\/expo.html\">Luisa Celentano<\/a>,\u00a0<a href=\"http:\/\/www.mchampetier.com\/Brigitte-Coudrain-19904-andere.html\">Brigitte Coudrain<\/a>,<a href=\"http:\/\/www.gerlitz.at\/\">\u00a0<\/a><a href=\"http:\/\/www.reguladettwiler.com\/\">Regula Dettwiler<\/a>, <a href=\"http:\/\/www.andreafian.at\/\">Andrea Fian<\/a><b>, \u00a0<\/b><a href=\"http:\/\/www.gerlitz.at\/\">Anna Gerlitz-Ottisch<\/a>,\u00a0<a href=\"https:\/\/www.mak.at\/birkegorm\">Birke Gorm<\/a>,\u00a0<a href=\"http:\/\/web455.webbox333.server-home.org\/uploadfiles\/documents\/pdf_mitglieder\/1397564493.pdf\">Alexandra Gschiel<\/a>,\u00a0<a href=\"http:\/\/www.swaantje-guentzel.de\/\">Swaantje G\u00fcntzel<\/a>, \u00a0<a href=\"http:\/\/artscenecal.com\/ArticlesFile\/Archive\/Articles1999\/Articles0499\/VHackmanA.html\">Vida Hackman<\/a>, <a href=\"http:\/\/www.dorisland.de\/\">Doris Hansen<\/a>,\u00a0<a href=\"http:\/\/www.loreheuermann.at\/index.html\">Lore Heuermann<\/a>,\u00a0<a href=\"http:\/\/www.gosee.de\/carolineseidler\/reps\/stefanie-hilgarth\/page\/portfolio\">Stefanie Hilgarth<\/a>,\u00a0<a href=\"http:\/\/www.renitentia.mur.at\/\">Reni Hofm\u00fcller,<\/a> <span style=\"color: #0068da; font-family: Arial;\"><u>Ana\u00efs Horn,\u00a0<\/u><\/span><span style=\"color: #0061ff;\"><a href=\"http:\/\/de.wikipedia.org\/wiki\/Rebecca_Horn\">Rebecca Horn<\/a>,<\/span><a href=\"http:\/\/www.ankearmandi.com\/renadde\/index.html\">\u00a0<\/a><a href=\"https:\/\/sabinahoertner.com\/?doing_wp_cron=1698501496.5910720825195312500000\">Sabina H\u00f6rtner<\/a><a href=\"http:\/\/www.ankearmandi.com\/renadde\/index.html\">, <\/a><a href=\"http:\/\/www.styrianart.at\/st_art\/galerie\/lotte-hubmann\/\">Lotte Hubmann<\/a><span style=\"color: #0061ff;\">, <\/span><a href=\"https:\/\/roosvita.wordpress.com\/\">Karina Roosvita Indirasari<\/a><span style=\"color: #0061ff; font-family: ArialMT;\"><a href=\"http:\/\/www.ankearmandi.com\/renadde\/index.html\">, <\/a><\/span><a href=\"http:\/\/jauk-hinz.mur.at\/\">Doris Jauk-Hinz<\/a><span style=\"color: #0061ff;\">,\u00a0<\/span><a href=\"http:\/\/kultur.graz.at\/v\/katschner.html\">Agnes Christine Katschner<\/a><span style=\"color: #0061ff;\">,\u00a0<\/span><a href=\"http:\/\/kunstaspekte.de\/michaela-kisling\/\">Michaela Kisling<\/a><span style=\"color: #0061ff;\">,\u00a0<\/span><a href=\"http:\/\/www.luisekloos.at\/\">Luise Kloos<\/a><span style=\"color: #0061ff;\">,\u00a0<\/span><a href=\"https:\/\/de.wikipedia.org\/wiki\/Kiki_Kogelnik\">Kiki Kogelnik<\/a><span style=\"color: #0061ff;\">, <\/span><a href=\"http:\/\/www.renatekordon.com\/\">Renate Kordon<\/a><span style=\"color: #0061ff;\">,\u00a0<\/span><a href=\"http:\/\/www.renate-krammer.at\/\">Renate Krammer<\/a><span style=\"color: #0061ff;\">,\u00a0<\/span><a href=\"http:\/\/lapschina.com\/\">Lena von Lapschina<\/a><span style=\"color: #0061ff;\">,\u00a0<\/span><a href=\"http:\/\/monika.lederbauer.com\/\">Monika Lederbauer,<\/a><span style=\"color: #0061ff;\">\u00a0<\/span><a href=\"http:\/\/www.gat.st\/news\/mein-raum\">Eva Mohringer<\/a><span style=\"color: #0061ff;\">, <\/span><a href=\"http:\/\/www.basis-wien.at\/db\/person\/55210;jsessionid=893525B7586533C245705B7F0DDA2A45?lang=de\">Bernadette Moser,<\/a> <a href=\"http:\/\/www.moser-wagner.com\/\">Gertrude Moser-Wagner<\/a><span style=\"color: #942192;\">,<\/span> <a href=\"http:\/\/www.paulamuhr.de\/%E2%80%8E\">Paula Muhr<\/a>,\u00a0<a href=\"http:\/\/www.oppel.at\/%E2%80%8E\">Clara Oppel<\/a>,\u00a0<a href=\"http:\/\/edithpayer.com\/\">Edith Payer<\/a>,\u00a0<a href=\"http:\/\/www.pliem.com\/\">Eva Pliem<\/a>,\u00a0<a href=\"http:\/\/www.skulptora.at\/\">Andrea Pierus<\/a>,\u00a0<a href=\"http:\/\/artscience.uni-ak.ac.at\/people\/__renate_quehenberger\">Renate Quehenberger<\/a>,\u00a0<a href=\"http:\/\/www.rosarendl.com\/\">Rosa Rendl<\/a>,\u00a0<a href=\"http:\/\/www.carolrobertson.net\/\">Carol Robertson<\/a>,\u00a0<a href=\"http:\/\/www.kulturservice.steiermark.at\/cms\/beitrag\/11066974\/29376061\/\">Irmgard Schaumberger<\/a>,\u00a0<a href=\"http:\/\/www.schoenbacher.at\/%E2%80%8E\">Monika Sch\u00f6nbacher-Frischenschlager<\/a>,\u00a0<a href=\"http:\/\/www.chihiro-sato.com\/\">Chihiro Sato<\/a>,\u00a0<a href=\"http:\/\/www.lauraschawelka.com\/\">Laura Schawelka<\/a>,\u00a0<a href=\"http:\/\/www.barbaraschmid.at\/\">Barbara Schmid<\/a>,\u00a0<a href=\"http:\/\/www.friederikeschwab.at\/%E2%80%8E\">Friederike Schwab<\/a>, <a href=\"https:\/\/linda-maria-schwarz.at\/\">Linda Maria Schwarz<\/a>,\u00a0<a href=\"http:\/\/www.kathrinsiegl.com\/\">Kathrin M. Lorenz-Siegl<\/a>,\u00a0<a href=\"http:\/\/www.museum-joanneum.at\/de\/skulpturenpark\/kuenstler-innen-2\/strobl-ingeborg-1\">Ingeborg Strobl<\/a>,\u00a0<a href=\"http:\/\/www.edith-temmel.at\/\">Edith Temmel,<\/a> <a href=\"https:\/\/www.tinguely.ch\/de\/ausstellungen\/ausstellungen\/2002\/Miriam-Tinguely.html\">Miriam Tinguely, <\/a><a href=\"http:\/\/danielatrost.com\/\">Daniela Trost<\/a>, <a href=\"http:\/\/ursprung.mur.at\/\">Eva Ursprung<\/a>,<a href=\"http:\/\/www.mattawagnest.com\/\">\u00a0Matta Wagnest<\/a>,<a href=\"http:\/\/www.aljoscha.org\/\">\u00a0Aljoscha<\/a>,\u00a0<a href=\"http:\/\/kultur.graz.at\/v\/angererpeter.html\">Peter Angerer<\/a>,\u00a0<a href=\"http:\/\/hhdm.eu\/shows\/pics11.html\">Adrian Buschmann<\/a>,\u00a0<a href=\"http:\/\/www.gunter-damisch.at\/\">Gunter Damisch<\/a>\u00a0\u00a0<a href=\"http:\/\/www.emptykingdom.com\/featured\/ek-interview-ptolemy-elrington\/\">Ptolemy Elrington<\/a>,\u00a0<a href=\"http:\/\/www.artvillage.at\/anton_s.frick\/index.cfm\">Anton S. Frick<\/a>,\u00a0<a href=\"http:\/\/www.turmgalerie.de\/Dreamweaverdateien\/F%FChrpass\/Fuerpass.htm\">Josef F\u00fcrpa\u00df<\/a>,\u00a0<a href=\"http:\/\/www.jakobgasteiger.com\/\">Jakob Gasteiger,<\/a>\u00a0<a href=\"http:\/\/bishwajitgoswami.com\/\">Bishwajit Goswami,<\/a>\u00a0<a href=\"http:\/\/www.alfredgraf.com\/\">Alfred Graf<\/a>, <a href=\"http:\/\/mariogrubisic.blogspot.com\/\">Mario Grubisic<\/a><a href=\"http:\/\/www.ankearmandi.com\/renadde\/index.html\"><span style=\"font-family: ArialMT;\">,\u00a0<\/span><\/a><a href=\"http:\/\/mariogrubisic.blogspot.com\/\">Karl Gr\u00fcnling<\/a><a href=\"http:\/\/www.ankearmandi.com\/renadde\/index.html\"><span style=\"font-family: ArialMT;\">,\u00a0<\/span><\/a><a href=\"https:\/\/gukubi.com\/\">GUKUBIMATO<\/a><span style=\"font-family: ArialMT;\"><a href=\"http:\/\/www.ankearmandi.com\/renadde\/index.html\">, <\/a><\/span><a href=\"http:\/\/www.christiankrikammerhofer.at\/\">Christian KRI Kammerhofer<\/a>,\u00a0<a href=\"http:\/\/kultur.graz.at\/v\/koestenbauer.html\">Walter K\u00f6stenbauer<\/a>,\u00a0<a href=\"http:\/\/www.konrad-limbeck.com\/%E2%80%8E\">Konrad Limbeck<\/a>,\u00a0<a href=\"http:\/\/www.heribertmichl.at\/%E2%80%8E\">Heribert Michl<\/a>,\u00a0<a href=\"http:\/\/www.l-iz.de\/Leben\/Gesellschaft\/2013\/05\/Kunstprojekt-an-der-Deutschen-Nationalbibliothek-48120.html\">Hans Nevidal<\/a>,\u00a0<a href=\"http:\/\/www.alenozbolt.si\/default.aspx%E2%80%8E\">Alen O\u017ebolt<\/a>,\u00a0<a href=\"http:\/\/www.keyvanpaydar.com\/artwork.html\">Keyvan Paydar<\/a>,\u00a0<a href=\"http:\/\/www.guenther-pedrotti.com\/\">G\u00fcnther Pedrotti<\/a>,\u00a0\u00a0<a href=\"http:\/\/kultur-online.net\/node\/14472\">Ferdinand Penker<\/a>,\u00a0<a href=\"http:\/\/kultur.graz.at\/v\/posarnig.html\">Erwin Stefanie Posarnig<\/a>,<a href=\"https:\/\/www.christianpruenster.com\/\">\u00a0Christian Pr\u00fcnster,<\/a>\u00a0<a href=\"http:\/\/members.inode.at\/547466\/\">Gerhard Raab<\/a>,\u00a0<a href=\"http:\/\/www.kachelofen.net\/%E2%80%8E\">J\u00fcrgen Rajh<\/a>,\u00a0<a href=\"https:\/\/arnerautenberg.de\/\">Arne Rautenberg<\/a>,\u00a0<a href=\"http:\/\/www.markusredl.com\/\">Markus Redl<\/a>,\u00a0<a href=\"https:\/\/sites.google.com\/site\/reschart\/\">Alfred Resch<\/a>,\u00a0<a href=\"http:\/\/www.otorimele.com\/en\/%E2%80%8E\">Oto Rimele<\/a>,<a href=\"http:\/\/www.juergen-schiefer.at\/\">\u00a0<\/a><a href=\"http:\/\/www.safr.at\/\">Manfred<\/a>\u00a0<a href=\"http:\/\/www.safr.at\/\">\u0160afr<\/a>,\u00a0<a href=\"http:\/\/www.juergen-schiefer.at\/\">J\u00fcrgen Schiefer<\/a>,\u00a0<a href=\"http:\/\/www.schwentner.info\/%E2%80%8E\">Erwin Schwentner<\/a>,\u00a0<a href=\"http:\/\/de.wikipedia.org\/wiki\/Hartmut_Skerbisch\">Hartmut Skerbisch<\/a>,\u00a0<a href=\"http:\/\/www.trevorsutton.com\/\">Trevor Sutton<\/a>,\u00a0<a href=\"http:\/\/www.icr.ro\/fullimg.php?cod=6790&amp;img=1\">Victor Velculescu<\/a>,\u00a0<a href=\"https:\/\/www.schlebruegge.com\/de\/content\/markus-wilfling\">Markus Wilfling<\/a>\u00a0\u2026<\/div>\n<\/div>\n<\/div>\n<\/div>\n<p>\u2026 &amp; Flora Performing.\u00a0Indoors: Garden Library. &#8220;Kantine&#8221; open.<\/p>\n<div id=\"attachment_767\" style=\"width: 690px\" class=\"wp-caption alignleft\"><img loading=\"lazy\" decoding=\"async\" aria-describedby=\"caption-attachment-767\" class=\"size-large wp-image-767\" src=\"http:\/\/kunstgarten.at\/wp-content\/uploads\/2016\/02\/Rosen-1024x768.jpg\" alt=\"\" width=\"680\" height=\"510\" srcset=\"https:\/\/kunstgarten.at\/wp-content\/uploads\/2016\/02\/Rosen-1024x768.jpg 1024w, https:\/\/kunstgarten.at\/wp-content\/uploads\/2016\/02\/Rosen-225x170.jpg 225w, https:\/\/kunstgarten.at\/wp-content\/uploads\/2016\/02\/Rosen-400x300.jpg 400w, https:\/\/kunstgarten.at\/wp-content\/uploads\/2016\/02\/Rosen-185x139.jpg 185w\" sizes=\"auto, (max-width: 680px) 100vw, 680px\" \/><p id=\"caption-attachment-767\" class=\"wp-caption-text\">GardenVIEW_Jun<\/p><\/div>\n<h2><\/h2>\n<h2><\/h2>\n<h2><\/h2>\n<h2><\/h2>\n<h2><\/h2>\n<h2><\/h2>\n<h2><\/h2>\n<h2><\/h2>\n<h2><\/h2>\n<h2><\/h2>\n<h2>Garden<\/h2>\n<p>FLORA PERFORMING is a well stocked rose and cottage garden which doubles as a cultural archive (1300 m2).<\/p>\n<h2>Library<\/h2>\n<p>The private collection MEDIA SCULPTURE GARDEN LIBRARY consists of more than 4500 horticultural books\u00a0 dating from five centuries, the Video Rental Store consits of 5500 movies. Presenting Library &#8211; and for loan.<\/p>\n<p>* &#8220;Wabi-sabi is not found in nature at moments of bloom and lushness, but at moments of inception or subsiding. Wabi-sabi is not about gorgeous flowers, majestic trees, or bold landscapes. Wabi-sabi is about the minor and the hidden, the tentative and the ephemeral things so subtle and evanescent they are invisible to the vulgar eyes. . .<\/p>\n<p>Wabi-sabi images force us to contemplate our own mortality, and they evoke an existential loneliness and tender sadness. They also stir mingled bittersweet comfort, since we know all existence shares the same fate.&#8221;<br \/>\nLeonard Koren is the\u00a0forerunner of wabi sabi in the United States.\u00a0 As\u00a0wabi sabi\u00a0is a part of the Japanese culture, it is not written about there; only westerners have written about it.<\/p>\n<h2>PUBLIC SPACE<\/h2>\n<p><em><a href=\"https:\/\/www.graz.at\/cms\/beitrag\/10133163\/8217375\/Dr_Schlossarpark_Auf_der_Taendelwiese.html\">PAYER-WEYPRECHT-INSELN<\/a>\u00a0 2006 \/ <a href=\"http:\/\/www.graz.at\/cms\/beitrag\/10133163\/2552028\/\">DAS GARTENLABYRINTH<\/a>\u00a0\u00a0in autumn<\/em>\u00a02011<\/p>\n<div id=\"attachment_8538\" style=\"width: 736px\" class=\"wp-caption alignleft\"><img loading=\"lazy\" decoding=\"async\" aria-describedby=\"caption-attachment-8538\" class=\" wp-image-8538\" src=\"https:\/\/kunstgarten.at\/wp-content\/uploads\/2025\/11\/Markus-Redl-SUBURBAN-SIGNS-DSCN3355.jpg\" alt=\"\" width=\"726\" height=\"639\" srcset=\"https:\/\/kunstgarten.at\/wp-content\/uploads\/2025\/11\/Markus-Redl-SUBURBAN-SIGNS-DSCN3355.jpg 459w, https:\/\/kunstgarten.at\/wp-content\/uploads\/2025\/11\/Markus-Redl-SUBURBAN-SIGNS-DSCN3355-400x352.jpg 400w, https:\/\/kunstgarten.at\/wp-content\/uploads\/2025\/11\/Markus-Redl-SUBURBAN-SIGNS-DSCN3355-185x163.jpg 185w\" sizes=\"auto, (max-width: 726px) 100vw, 726px\" \/><p id=\"caption-attachment-8538\" class=\"wp-caption-text\">Markus Redl, SUBURBAN SIGNS, 2006, Marmor<\/p><\/div>\n<div id=\"attachment_1173\" style=\"width: 3898px\" class=\"wp-caption alignleft\"><img loading=\"lazy\" decoding=\"async\" aria-describedby=\"caption-attachment-1173\" class=\"size-full wp-image-1173\" src=\"https:\/\/kunstgarten.at\/wp-content\/uploads\/2016\/02\/Jens-J.-Meyer-EN-FACE-IMG_33051.jpg\" alt=\"\" width=\"3888\" height=\"2592\" srcset=\"https:\/\/kunstgarten.at\/wp-content\/uploads\/2016\/02\/Jens-J.-Meyer-EN-FACE-IMG_33051.jpg 3888w, https:\/\/kunstgarten.at\/wp-content\/uploads\/2016\/02\/Jens-J.-Meyer-EN-FACE-IMG_33051-400x267.jpg 400w, https:\/\/kunstgarten.at\/wp-content\/uploads\/2016\/02\/Jens-J.-Meyer-EN-FACE-IMG_33051-1024x683.jpg 1024w, https:\/\/kunstgarten.at\/wp-content\/uploads\/2016\/02\/Jens-J.-Meyer-EN-FACE-IMG_33051-1035x690.jpg 1035w, https:\/\/kunstgarten.at\/wp-content\/uploads\/2016\/02\/Jens-J.-Meyer-EN-FACE-IMG_33051-185x123.jpg 185w\" sizes=\"auto, (max-width: 3888px) 100vw, 3888px\" \/><p id=\"caption-attachment-1173\" class=\"wp-caption-text\">Jens J. Meyer EN FACE, Aritst in Residence 2006<\/p><\/div>\n<p>&nbsp;<\/p>\n<p>&nbsp;<\/p>\n<div id=\"attachment_8541\" style=\"width: 1290px\" class=\"wp-caption alignleft\"><img loading=\"lazy\" decoding=\"async\" aria-describedby=\"caption-attachment-8541\" class=\"size-full wp-image-8541\" src=\"https:\/\/kunstgarten.at\/wp-content\/uploads\/2025\/11\/IMG_5012.jpeg\" alt=\"\" width=\"1280\" height=\"960\" srcset=\"https:\/\/kunstgarten.at\/wp-content\/uploads\/2025\/11\/IMG_5012.jpeg 1280w, https:\/\/kunstgarten.at\/wp-content\/uploads\/2025\/11\/IMG_5012-400x300.jpeg 400w, https:\/\/kunstgarten.at\/wp-content\/uploads\/2025\/11\/IMG_5012-1024x768.jpeg 1024w, https:\/\/kunstgarten.at\/wp-content\/uploads\/2025\/11\/IMG_5012-225x170.jpeg 225w, https:\/\/kunstgarten.at\/wp-content\/uploads\/2025\/11\/IMG_5012-768x576.jpeg 768w, https:\/\/kunstgarten.at\/wp-content\/uploads\/2025\/11\/IMG_5012-185x139.jpeg 185w\" sizes=\"auto, (max-width: 1280px) 100vw, 1280px\" \/><p id=\"caption-attachment-8541\" class=\"wp-caption-text\">Gerhard Raab, GEDICHT \/ POEM, 2022, Installation, Eisen \/ iron<\/p><\/div>\n<p>&nbsp;<\/p>\n<p>&nbsp;<\/p>\n<p>&nbsp;<\/p>\n<p>&nbsp;<\/p>\n<p>&nbsp;<\/p>\n<p>&nbsp;<\/p>\n<p>&nbsp;<\/p>\n<p>&nbsp;<\/p>\n<p>&nbsp;<\/p>\n<p>&nbsp;<\/p>\n<p>&nbsp;<\/p>\n<p>&nbsp;<\/p>\n<p>&nbsp;<\/p>\n<p>&nbsp;<\/p>\n<p>Unfortunately, the biggest sculpture by the styrian artist was not maintained by the City of Graz,\u00a0 until in 2019 our demands to restore the art work were finally heard. The restoration with \u201cWilson\u2019s honeysuckle\u201d (Lonicera nitida) was implemented by the City of Graz and supported by KI\u00d6R (Art in Public Space Graz). Special thanks to the Cultural Section Graz (Michael A. Grossmann)!<\/p>\n<p>The Garden Labyrinth ER 71 21.06. 21.06. 007\/02 Stmk. GKK, Beitrag, Abgaben -335,24<\/p>\n<p>PAYER-WEYPRECHT-ISLANDS (http:\/\/wapedia.mobi\/en\/Franz_Josef_Land) introduced by kunstGarten 2006: A HOMMAGE<br \/>\nThe first recognized exploration of the archipelago was done in 1873 by Austro-Hungarian North Pole Expedition explorers Karl Weyprecht and Julius von Payer, while their ship was locked in ice trying to find a northeast passage. After exploration of its southern islands, the name was bestowed in honor of Austro-Hungarian emperor Franz Joseph I of Austria. (Franz Josef Land in Arctic Ocean N of Novaya Zemlya, Russia Arkhangelsk Oblast, Northwestern Federal District. Franz Josef Land consists of 191 ice-covered islands with a total area of 16,134 km\u00b2. It has no native inhabitants.The archipelago is volcanic, composed of tertiary and jurassic basalts, and though covered mostly by ice it does have outcroppings covered with moss and lichens. The northeastern part of the archipelago is locked in pack ice all year round, however the ice sometimes retreats past the southern islands in the late summer.<\/p>\n<p>The basalts of the Franz Josef Islands are part of the High Arctic Large Igneous Province. The central cluster of large islands in the midst of the archipelago forms a compact whole, known as Zichy Land, where islands are separated from each other by very narrow sounds that are frozen most of the year.-<\/p>\n<div id=\"attachment_753\" style=\"width: 690px\" class=\"wp-caption alignleft\"><img loading=\"lazy\" decoding=\"async\" aria-describedby=\"caption-attachment-753\" class=\"size-large wp-image-753\" src=\"http:\/\/kunstgarten.at\/wp-content\/uploads\/2016\/02\/kunstGartengepflegtes-GARTENLABYRINTH_20111011_7116-1-1024x683.jpg\" alt=\"\" width=\"680\" height=\"454\" srcset=\"https:\/\/kunstgarten.at\/wp-content\/uploads\/2016\/02\/kunstGartengepflegtes-GARTENLABYRINTH_20111011_7116-1-1024x683.jpg 1024w, https:\/\/kunstgarten.at\/wp-content\/uploads\/2016\/02\/kunstGartengepflegtes-GARTENLABYRINTH_20111011_7116-1-400x267.jpg 400w, https:\/\/kunstgarten.at\/wp-content\/uploads\/2016\/02\/kunstGartengepflegtes-GARTENLABYRINTH_20111011_7116-1-1035x690.jpg 1035w, https:\/\/kunstgarten.at\/wp-content\/uploads\/2016\/02\/kunstGartengepflegtes-GARTENLABYRINTH_20111011_7116-1-185x123.jpg 185w\" sizes=\"auto, (max-width: 680px) 100vw, 680px\" \/><p id=\"caption-attachment-753\" class=\"wp-caption-text\">kunstGartengepflegtes GARTENLABYRINTH-2011\/10\/11 (2006 &#8211; 2011\/12)<\/p><\/div>\n<p>&nbsp;<\/p>\n<div id=\"attachment_3943\" style=\"width: 690px\" class=\"wp-caption alignleft\"><img loading=\"lazy\" decoding=\"async\" aria-describedby=\"caption-attachment-3943\" class=\"size-large wp-image-3943\" src=\"http:\/\/kunstgarten.at\/wp-content\/uploads\/2016\/11\/Juni-2018-IMG_4625-1024x768.jpg\" alt=\"\" width=\"680\" height=\"510\" srcset=\"https:\/\/kunstgarten.at\/wp-content\/uploads\/2016\/11\/Juni-2018-IMG_4625-1024x768.jpg 1024w, https:\/\/kunstgarten.at\/wp-content\/uploads\/2016\/11\/Juni-2018-IMG_4625-225x170.jpg 225w, https:\/\/kunstgarten.at\/wp-content\/uploads\/2016\/11\/Juni-2018-IMG_4625-400x300.jpg 400w, https:\/\/kunstgarten.at\/wp-content\/uploads\/2016\/11\/Juni-2018-IMG_4625-768x576.jpg 768w, https:\/\/kunstgarten.at\/wp-content\/uploads\/2016\/11\/Juni-2018-IMG_4625-185x139.jpg 185w\" sizes=\"auto, (max-width: 680px) 100vw, 680px\" \/><p id=\"caption-attachment-3943\" class=\"wp-caption-text\">GARTENLABYRINTH Jun 2019 &#8211; seit Mai 2012 in der Pflege der STADT GRAZ ( als<br \/>zust\u00e4ndige Eigent\u00fcmerin)<\/p><\/div>\n<div id=\"attachment_5050\" style=\"width: 1034px\" class=\"wp-caption alignleft\"><img loading=\"lazy\" decoding=\"async\" aria-describedby=\"caption-attachment-5050\" class=\"wp-image-5050 size-full\" src=\"http:\/\/kunstgarten.at\/wp-content\/uploads\/2020\/01\/UNADJUSTEDNONRAW_thumb_f6f4.jpg\" alt=\"\" width=\"1024\" height=\"768\" srcset=\"https:\/\/kunstgarten.at\/wp-content\/uploads\/2020\/01\/UNADJUSTEDNONRAW_thumb_f6f4.jpg 1024w, https:\/\/kunstgarten.at\/wp-content\/uploads\/2020\/01\/UNADJUSTEDNONRAW_thumb_f6f4-400x300.jpg 400w, https:\/\/kunstgarten.at\/wp-content\/uploads\/2020\/01\/UNADJUSTEDNONRAW_thumb_f6f4-225x170.jpg 225w, https:\/\/kunstgarten.at\/wp-content\/uploads\/2020\/01\/UNADJUSTEDNONRAW_thumb_f6f4-768x576.jpg 768w, https:\/\/kunstgarten.at\/wp-content\/uploads\/2020\/01\/UNADJUSTEDNONRAW_thumb_f6f4-185x139.jpg 185w\" sizes=\"auto, (max-width: 1024px) 100vw, 1024px\" \/><p id=\"caption-attachment-5050\" class=\"wp-caption-text\">Garden Labyrinth, restored 2019-09-12 Opening: Irmi Horn, G\u00fcnter Riegler (Stadt Graz), Elisabeth Fiedler (KI\u00d6R), Waltraud Skerbisch<\/p><\/div>\n<p><div id=\"attachment_5049\" style=\"width: 1034px\" class=\"wp-caption alignleft\"><img loading=\"lazy\" decoding=\"async\" aria-describedby=\"caption-attachment-5049\" class=\"wp-image-5049 size-full\" src=\"http:\/\/kunstgarten.at\/wp-content\/uploads\/2020\/01\/UNADJUSTEDNONRAW_thumb_f6e7.jpg\" alt=\"\" width=\"1024\" height=\"768\" srcset=\"https:\/\/kunstgarten.at\/wp-content\/uploads\/2020\/01\/UNADJUSTEDNONRAW_thumb_f6e7.jpg 1024w, https:\/\/kunstgarten.at\/wp-content\/uploads\/2020\/01\/UNADJUSTEDNONRAW_thumb_f6e7-400x300.jpg 400w, https:\/\/kunstgarten.at\/wp-content\/uploads\/2020\/01\/UNADJUSTEDNONRAW_thumb_f6e7-225x170.jpg 225w, https:\/\/kunstgarten.at\/wp-content\/uploads\/2020\/01\/UNADJUSTEDNONRAW_thumb_f6e7-768x576.jpg 768w, https:\/\/kunstgarten.at\/wp-content\/uploads\/2020\/01\/UNADJUSTEDNONRAW_thumb_f6e7-185x139.jpg 185w\" sizes=\"auto, (max-width: 1024px) 100vw, 1024px\" \/><p id=\"caption-attachment-5049\" class=\"wp-caption-text\">Garden Labyrinth, restored 2019-09-12 Opening<\/p><\/div><\/p>","protected":false},"excerpt":{"rendered":"<p>ARCHIV HORTOPIA: Art.Garden.Library &amp; ART IN PUBLIC SPACE &nbsp; Hartmut Skerbisch: The GARDEN LABYRINTH, Payer-Weyprecht-Islands\u00a0 &amp; STREET GALLERY 2019, 2020 etc. Art.garden.library\/video library. Opening hours of the annual exhibition and media library: FR 15:30-19:00, SA 15:30-19:00 and daily by appointment. We have cats, allergy sufferers should know! Especially for the INDOORS programme! Subsidy for visit:&#8230;  <a class=\"excerpt-read-more\" href=\"https:\/\/kunstgarten.at\/en\/veranstaltungen\/permanent\/\" title=\"Read Permanent\">Read more &raquo;<\/a><\/p>\n","protected":false},"author":2,"featured_media":0,"parent":1799,"menu_order":1,"comment_status":"closed","ping_status":"closed","template":"page-fullwith.php","meta":{"_links_to":"","_links_to_target":"","footnotes":""},"class_list":["post-174","page","type-page","status-publish","hentry"],"_links":{"self":[{"href":"https:\/\/kunstgarten.at\/en\/wp-json\/wp\/v2\/pages\/174","targetHints":{"allow":["GET"]}}],"collection":[{"href":"https:\/\/kunstgarten.at\/en\/wp-json\/wp\/v2\/pages"}],"about":[{"href":"https:\/\/kunstgarten.at\/en\/wp-json\/wp\/v2\/types\/page"}],"author":[{"embeddable":true,"href":"https:\/\/kunstgarten.at\/en\/wp-json\/wp\/v2\/users\/2"}],"replies":[{"embeddable":true,"href":"https:\/\/kunstgarten.at\/en\/wp-json\/wp\/v2\/comments?post=174"}],"version-history":[{"count":68,"href":"https:\/\/kunstgarten.at\/en\/wp-json\/wp\/v2\/pages\/174\/revisions"}],"predecessor-version":[{"id":8779,"href":"https:\/\/kunstgarten.at\/en\/wp-json\/wp\/v2\/pages\/174\/revisions\/8779"}],"up":[{"embeddable":true,"href":"https:\/\/kunstgarten.at\/en\/wp-json\/wp\/v2\/pages\/1799"}],"wp:attachment":[{"href":"https:\/\/kunstgarten.at\/en\/wp-json\/wp\/v2\/media?parent=174"}],"curies":[{"name":"wp","href":"https:\/\/api.w.org\/{rel}","templated":true}]}}